{"id":95,"date":"2011-05-10T07:36:12","date_gmt":"2011-05-10T05:36:12","guid":{"rendered":"https:\/\/anele.org\/?page_id=95"},"modified":"2019-11-04T13:07:06","modified_gmt":"2019-11-04T12:07:06","slug":"notas-de-prensa-comunicados","status":"publish","type":"page","link":"https:\/\/anele.org\/ga\/sala-de-prensa\/notas-de-prensa-comunicados","title":{"rendered":"Notas de Prensa e Comunicados"},"content":{"rendered":"[vc_row type=&#8221;in_container&#8221; full_screen_row_position=&#8221;middle&#8221; scene_position=&#8221;center&#8221; text_color=&#8221;dark&#8221; text_align=&#8221;left&#8221; overlay_strength=&#8221;0.3&#8243; shape_divider_position=&#8221;bottom&#8221; bg_image_animation=&#8221;none&#8221;][vc_column column_padding=&#8221;no-extra-padding&#8221; column_padding_position=&#8221;all&#8221; background_color_opacity=&#8221;1&#8243; background_hover_color_opacity=&#8221;1&#8243; column_link_target=&#8221;_self&#8221; column_shadow=&#8221;none&#8221; column_border_radius=&#8221;none&#8221; width=&#8221;1\/1&#8243; tablet_width_inherit=&#8221;default&#8221; tablet_text_alignment=&#8221;default&#8221; phone_text_alignment=&#8221;default&#8221; column_border_width=&#8221;none&#8221; column_border_style=&#8221;solid&#8221; bg_image_animation=&#8221;none&#8221;][divider line_type=&#8221;No Line&#8221; custom_height=&#8221;40&#8243;][\/vc_column][\/vc_row][vc_row type=&#8221;in_container&#8221; full_screen_row_position=&#8221;middle&#8221; scene_position=&#8221;center&#8221; text_color=&#8221;dark&#8221; text_align=&#8221;left&#8221; overlay_strength=&#8221;0.3&#8243; shape_divider_position=&#8221;bottom&#8221; bg_image_animation=&#8221;none&#8221; shape_type=&#8221;&#8221;][vc_column column_padding=&#8221;padding-8-percent&#8221; column_padding_position=&#8221;left-right&#8221; background_color_opacity=&#8221;1&#8243; background_hover_color_opacity=&#8221;1&#8243; column_link_target=&#8221;_self&#8221; column_shadow=&#8221;none&#8221; column_border_radius=&#8221;none&#8221; width=&#8221;1\/1&#8243; tablet_width_inherit=&#8221;default&#8221; tablet_text_alignment=&#8221;default&#8221; phone_text_alignment=&#8221;default&#8221; column_border_width=&#8221;none&#8221; column_border_style=&#8221;solid&#8221; bg_image_animation=&#8221;none&#8221;][divider line_type=&#8221;Full Width Line&#8221; line_thickness=&#8221;1&#8243; divider_color=&#8221;default&#8221; custom_height=&#8221;10&#8243;][recent_posts style=&#8221;title_only&#8221; category=&#8221;notas-de-prensa&#8221; columns=&#8221;1&#8243; order=&#8221;DESC&#8221; orderby=&#8221;date&#8221; blog_remove_post_author=&#8221;true&#8221; blog_remove_post_comment_number=&#8221;true&#8221; blog_remove_post_nectar_love=&#8221;true&#8221; posts_per_page=&#8221;100&#8243;][\/vc_column][\/vc_row][vc_row type=&#8221;in_container&#8221; full_screen_row_position=&#8221;middle&#8221; scene_position=&#8221;center&#8221; text_color=&#8221;dark&#8221; text_align=&#8221;left&#8221; overlay_strength=&#8221;0.3&#8243; shape_divider_position=&#8221;bottom&#8221; bg_image_animation=&#8221;none&#8221;][vc_column column_padding=&#8221;padding-8-percent&#8221; column_padding_position=&#8221;left-right&#8221; background_color_opacity=&#8221;1&#8243; background_hover_color_opacity=&#8221;1&#8243; column_link_target=&#8221;_self&#8221; column_shadow=&#8221;none&#8221; column_border_radius=&#8221;none&#8221; width=&#8221;1\/1&#8243; tablet_width_inherit=&#8221;default&#8221; tablet_text_alignment=&#8221;default&#8221; phone_text_alignment=&#8221;default&#8221; column_border_width=&#8221;none&#8221; column_border_style=&#8221;solid&#8221; bg_image_animation=&#8221;none&#8221;][divider line_type=&#8221;No Line&#8221; custom_height=&#8221;40&#8243;][vc_text_separator title=&#8221;A\u00d1OS ANTERIORES&#8221;][divider line_type=&#8221;No Line&#8221; custom_height=&#8221;40&#8243;][\/vc_column][\/vc_row][vc_row type=&#8221;in_container&#8221; full_screen_row_position=&#8221;middle&#8221; scene_position=&#8221;center&#8221; text_color=&#8221;dark&#8221; text_align=&#8221;left&#8221; overlay_strength=&#8221;0.3&#8243; shape_divider_position=&#8221;bottom&#8221; bg_image_animation=&#8221;none&#8221;][vc_column column_padding=&#8221;padding-8-percent&#8221; column_padding_position=&#8221;left-right&#8221; background_color_opacity=&#8221;1&#8243; background_hover_color_opacity=&#8221;1&#8243; column_link_target=&#8221;_self&#8221; column_shadow=&#8221;none&#8221; column_border_radius=&#8221;none&#8221; width=&#8221;1\/1&#8243; tablet_width_inherit=&#8221;default&#8221; tablet_text_alignment=&#8221;default&#8221; phone_text_alignment=&#8221;default&#8221; column_border_width=&#8221;none&#8221; column_border_style=&#8221;solid&#8221; bg_image_animation=&#8221;none&#8221;][vc_row_inner equal_height=&#8221;yes&#8221; content_placement=&#8221;middle&#8221; column_margin=&#8221;default&#8221; text_align=&#8221;left&#8221;][vc_column_inner column_padding=&#8221;no-extra-padding&#8221; column_padding_position=&#8221;all&#8221; background_color_opacity=&#8221;1&#8243; background_hover_color_opacity=&#8221;1&#8243; column_shadow=&#8221;none&#8221; column_border_radius=&#8221;none&#8221; column_link_target=&#8221;_self&#8221; width=&#8221;5\/6&#8243; tablet_width_inherit=&#8221;default&#8221; column_border_width=&#8221;none&#8221; column_border_style=&#8221;solid&#8221; bg_image_animation=&#8221;none&#8221;]<div class=\"iwithtext\"><div class=\"iwt-icon\"> <i class=\"icon-default-style fa fa-file-text-o accent-color\"><\/i> <\/div><div class=\"iwt-text\"> \n<h3><a href=\"https:\/\/anele.org\/wp-content\/uploads\/2018\/09\/ANELE.-NP-El-Libro-Educativo-en-Espa%C3%B1a-2018.pdf\" target=\"_blank\" rel=\"noopener noreferrer\">Pol\u00edticas educativas heterog\u00e9neas agrandan la brecha entre alumnos de diferentes comunidades<\/a><\/h3>\n <\/div><div class=\"clear\"><\/div><\/div>[\/vc_column_inner][vc_column_inner column_padding=&#8221;no-extra-padding&#8221; column_padding_position=&#8221;all&#8221; background_color_opacity=&#8221;1&#8243; background_hover_color_opacity=&#8221;1&#8243; column_shadow=&#8221;none&#8221; column_border_radius=&#8221;none&#8221; column_link_target=&#8221;_self&#8221; width=&#8221;1\/6&#8243; tablet_width_inherit=&#8221;default&#8221; column_border_width=&#8221;none&#8221; column_border_style=&#8221;solid&#8221; bg_image_animation=&#8221;none&#8221;][nectar_cta btn_style=&#8221;see-through&#8221; heading_tag=&#8221;h6&#8243; link_type=&#8221;new_tab&#8221; alignment=&#8221;right&#8221; url=&#8221;https:\/\/anele.org\/wp-content\/uploads\/2018\/09\/ANELE.-NP-El-Libro-Educativo-en-Espa%C3%B1a-2018.pdf&#8221; link_text=&#8221;pdf&#8221;][\/vc_column_inner][\/vc_row_inner][divider line_type=&#8221;Full Width Line&#8221; line_thickness=&#8221;1&#8243; divider_color=&#8221;default&#8221; custom_height=&#8221;10&#8243;][\/vc_column][\/vc_row][vc_row type=&#8221;in_container&#8221; full_screen_row_position=&#8221;middle&#8221; scene_position=&#8221;center&#8221; text_color=&#8221;dark&#8221; text_align=&#8221;left&#8221; overlay_strength=&#8221;0.3&#8243; shape_divider_position=&#8221;bottom&#8221; bg_image_animation=&#8221;none&#8221;][vc_column column_padding=&#8221;padding-8-percent&#8221; column_padding_position=&#8221;left-right&#8221; background_color_opacity=&#8221;1&#8243; background_hover_color_opacity=&#8221;1&#8243; column_link_target=&#8221;_self&#8221; column_shadow=&#8221;none&#8221; column_border_radius=&#8221;none&#8221; width=&#8221;1\/1&#8243; tablet_width_inherit=&#8221;default&#8221; tablet_text_alignment=&#8221;default&#8221; phone_text_alignment=&#8221;default&#8221; column_border_width=&#8221;none&#8221; column_border_style=&#8221;solid&#8221; bg_image_animation=&#8221;none&#8221;][vc_row_inner equal_height=&#8221;yes&#8221; content_placement=&#8221;middle&#8221; column_margin=&#8221;default&#8221; text_align=&#8221;left&#8221;][vc_column_inner column_padding=&#8221;no-extra-padding&#8221; column_padding_position=&#8221;all&#8221; background_color_opacity=&#8221;1&#8243; background_hover_color_opacity=&#8221;1&#8243; column_shadow=&#8221;none&#8221; column_border_radius=&#8221;none&#8221; column_link_target=&#8221;_self&#8221; width=&#8221;5\/6&#8243; tablet_width_inherit=&#8221;default&#8221; column_border_width=&#8221;none&#8221; column_border_style=&#8221;solid&#8221; bg_image_animation=&#8221;none&#8221;]<div class=\"iwithtext\"><div class=\"iwt-icon\"> <i class=\"icon-default-style fa fa-file-text-o accent-color\"><\/i> <\/div><div class=\"iwt-text\"> \n<h3><a href=\"https:\/\/anele.org\/wp-content\/uploads\/2017\/09\/170928NPR-ANELE-Acuerdo-ANELE-Microsoft.pdf\">Microsoft y ANELE acuerdan avanzar en la adaptaci\u00f3n del sector editorial educativo a la era digital<\/a><\/h3>\n <\/div><div class=\"clear\"><\/div><\/div>[\/vc_column_inner][vc_column_inner column_padding=&#8221;no-extra-padding&#8221; column_padding_position=&#8221;all&#8221; background_color_opacity=&#8221;1&#8243; background_hover_color_opacity=&#8221;1&#8243; column_shadow=&#8221;none&#8221; column_border_radius=&#8221;none&#8221; column_link_target=&#8221;_self&#8221; width=&#8221;1\/6&#8243; tablet_width_inherit=&#8221;default&#8221; column_border_width=&#8221;none&#8221; column_border_style=&#8221;solid&#8221; bg_image_animation=&#8221;none&#8221;][nectar_cta btn_style=&#8221;see-through&#8221; heading_tag=&#8221;h6&#8243; link_type=&#8221;regular&#8221; alignment=&#8221;right&#8221; url=&#8221;https:\/\/anele.org\/wp-content\/uploads\/2017\/09\/170928NPR-ANELE-Acuerdo-ANELE-Microsoft.pdf&#8221; link_text=&#8221;pdf&#8221;][\/vc_column_inner][\/vc_row_inner][divider line_type=&#8221;Full Width Line&#8221; line_thickness=&#8221;1&#8243; divider_color=&#8221;default&#8221; custom_height=&#8221;10&#8243;][\/vc_column][\/vc_row][vc_row type=&#8221;in_container&#8221; full_screen_row_position=&#8221;middle&#8221; scene_position=&#8221;center&#8221; text_color=&#8221;dark&#8221; text_align=&#8221;left&#8221; overlay_strength=&#8221;0.3&#8243; shape_divider_position=&#8221;bottom&#8221; bg_image_animation=&#8221;none&#8221;][vc_column column_padding=&#8221;padding-8-percent&#8221; column_padding_position=&#8221;left-right&#8221; background_color_opacity=&#8221;1&#8243; background_hover_color_opacity=&#8221;1&#8243; column_link_target=&#8221;_self&#8221; column_shadow=&#8221;none&#8221; column_border_radius=&#8221;none&#8221; width=&#8221;1\/1&#8243; tablet_width_inherit=&#8221;default&#8221; tablet_text_alignment=&#8221;default&#8221; phone_text_alignment=&#8221;default&#8221; column_border_width=&#8221;none&#8221; column_border_style=&#8221;solid&#8221; bg_image_animation=&#8221;none&#8221;][vc_row_inner equal_height=&#8221;yes&#8221; content_placement=&#8221;middle&#8221; column_margin=&#8221;default&#8221; text_align=&#8221;left&#8221;][vc_column_inner column_padding=&#8221;no-extra-padding&#8221; column_padding_position=&#8221;all&#8221; background_color_opacity=&#8221;1&#8243; background_hover_color_opacity=&#8221;1&#8243; column_shadow=&#8221;none&#8221; column_border_radius=&#8221;none&#8221; column_link_target=&#8221;_self&#8221; width=&#8221;5\/6&#8243; tablet_width_inherit=&#8221;default&#8221; column_border_width=&#8221;none&#8221; column_border_style=&#8221;solid&#8221; bg_image_animation=&#8221;none&#8221;]<div class=\"iwithtext\"><div class=\"iwt-icon\"> <i class=\"icon-default-style fa fa-file-text-o accent-color\"><\/i> <\/div><div class=\"iwt-text\"> \n<h3><a href=\"https:\/\/anele.org\/wp-content\/uploads\/2011\/05\/NP-INFORME-LIBRO-EDUCATIVO-ESPA%C3%91A-2017_2018.pdf\" target=\"_blank\" rel=\"noopener noreferrer\">El sector editorial culmina la etapa de cambio con una oferta variada e innovadora<\/a><\/h3>\n <\/div><div class=\"clear\"><\/div><\/div>[\/vc_column_inner][vc_column_inner column_padding=&#8221;no-extra-padding&#8221; column_padding_position=&#8221;all&#8221; background_color_opacity=&#8221;1&#8243; background_hover_color_opacity=&#8221;1&#8243; column_shadow=&#8221;none&#8221; column_border_radius=&#8221;none&#8221; column_link_target=&#8221;_self&#8221; width=&#8221;1\/6&#8243; tablet_width_inherit=&#8221;default&#8221; column_border_width=&#8221;none&#8221; column_border_style=&#8221;solid&#8221; bg_image_animation=&#8221;none&#8221;][nectar_cta btn_style=&#8221;see-through&#8221; heading_tag=&#8221;h6&#8243; link_type=&#8221;new_tab&#8221; alignment=&#8221;right&#8221; url=&#8221;https:\/\/anele.org\/wp-content\/uploads\/2011\/05\/NP-INFORME-LIBRO-EDUCATIVO-ESPA%C3%91A-2017_2018.pdf&#8221; link_text=&#8221;pdf&#8221;][\/vc_column_inner][\/vc_row_inner][divider line_type=&#8221;Full Width Line&#8221; line_thickness=&#8221;1&#8243; divider_color=&#8221;default&#8221; custom_height=&#8221;10&#8243;][\/vc_column][\/vc_row][vc_row type=&#8221;in_container&#8221; full_screen_row_position=&#8221;middle&#8221; scene_position=&#8221;center&#8221; text_color=&#8221;dark&#8221; text_align=&#8221;left&#8221; overlay_strength=&#8221;0.3&#8243; shape_divider_position=&#8221;bottom&#8221; bg_image_animation=&#8221;none&#8221;][vc_column column_padding=&#8221;padding-8-percent&#8221; column_padding_position=&#8221;left-right&#8221; background_color_opacity=&#8221;1&#8243; background_hover_color_opacity=&#8221;1&#8243; column_link_target=&#8221;_self&#8221; column_shadow=&#8221;none&#8221; column_border_radius=&#8221;none&#8221; width=&#8221;1\/1&#8243; tablet_width_inherit=&#8221;default&#8221; tablet_text_alignment=&#8221;default&#8221; phone_text_alignment=&#8221;default&#8221; column_border_width=&#8221;none&#8221; column_border_style=&#8221;solid&#8221; bg_image_animation=&#8221;none&#8221;][vc_row_inner equal_height=&#8221;yes&#8221; content_placement=&#8221;middle&#8221; column_margin=&#8221;default&#8221; text_align=&#8221;left&#8221;][vc_column_inner column_padding=&#8221;no-extra-padding&#8221; column_padding_position=&#8221;all&#8221; background_color_opacity=&#8221;1&#8243; background_hover_color_opacity=&#8221;1&#8243; column_shadow=&#8221;none&#8221; column_border_radius=&#8221;none&#8221; column_link_target=&#8221;_self&#8221; width=&#8221;5\/6&#8243; tablet_width_inherit=&#8221;default&#8221; column_border_width=&#8221;none&#8221; column_border_style=&#8221;solid&#8221; bg_image_animation=&#8221;none&#8221;]<div class=\"iwithtext\"><div class=\"iwt-icon\"> <i class=\"icon-default-style fa fa-file-text-o accent-color\"><\/i> <\/div><div class=\"iwt-text\"> \n<h3><a href=\"https:\/\/anele.org\/wp-content\/uploads\/2011\/05\/160826NPR-ANELE-Informe-Precios-Libros-de-Texto-curso-2016-2017-v2.pdf\" target=\"_blank\" rel=\"noopener noreferrer\">Todas las Comunidades Aut\u00f3nomas disponen de libros adaptados a sus nuevas normativas<\/a><\/h3>\n <\/div><div class=\"clear\"><\/div><\/div>[\/vc_column_inner][vc_column_inner column_padding=&#8221;no-extra-padding&#8221; column_padding_position=&#8221;all&#8221; background_color_opacity=&#8221;1&#8243; background_hover_color_opacity=&#8221;1&#8243; column_shadow=&#8221;none&#8221; column_border_radius=&#8221;none&#8221; column_link_target=&#8221;_self&#8221; width=&#8221;1\/6&#8243; tablet_width_inherit=&#8221;default&#8221; column_border_width=&#8221;none&#8221; column_border_style=&#8221;solid&#8221; bg_image_animation=&#8221;none&#8221;][nectar_cta btn_style=&#8221;see-through&#8221; heading_tag=&#8221;h6&#8243; link_type=&#8221;new_tab&#8221; alignment=&#8221;right&#8221; url=&#8221;https:\/\/anele.org\/wp-content\/uploads\/2011\/05\/160826NPR-ANELE-Informe-Precios-Libros-de-Texto-curso-2016-2017-v2.pdf&#8221; link_text=&#8221;pdf&#8221;][\/vc_column_inner][\/vc_row_inner][divider line_type=&#8221;Full Width Line&#8221; line_thickness=&#8221;1&#8243; divider_color=&#8221;default&#8221; custom_height=&#8221;10&#8243;][\/vc_column][\/vc_row][vc_row type=&#8221;in_container&#8221; full_screen_row_position=&#8221;middle&#8221; scene_position=&#8221;center&#8221; text_color=&#8221;dark&#8221; text_align=&#8221;left&#8221; overlay_strength=&#8221;0.3&#8243; shape_divider_position=&#8221;bottom&#8221; bg_image_animation=&#8221;none&#8221;][vc_column column_padding=&#8221;padding-8-percent&#8221; column_padding_position=&#8221;left-right&#8221; background_color_opacity=&#8221;1&#8243; background_hover_color_opacity=&#8221;1&#8243; column_link_target=&#8221;_self&#8221; column_shadow=&#8221;none&#8221; column_border_radius=&#8221;none&#8221; width=&#8221;1\/1&#8243; tablet_width_inherit=&#8221;default&#8221; tablet_text_alignment=&#8221;default&#8221; phone_text_alignment=&#8221;default&#8221; column_border_width=&#8221;none&#8221; column_border_style=&#8221;solid&#8221; bg_image_animation=&#8221;none&#8221;][vc_row_inner equal_height=&#8221;yes&#8221; content_placement=&#8221;middle&#8221; column_margin=&#8221;default&#8221; text_align=&#8221;left&#8221;][vc_column_inner column_padding=&#8221;no-extra-padding&#8221; column_padding_position=&#8221;all&#8221; background_color_opacity=&#8221;1&#8243; background_hover_color_opacity=&#8221;1&#8243; column_shadow=&#8221;none&#8221; column_border_radius=&#8221;none&#8221; column_link_target=&#8221;_self&#8221; width=&#8221;5\/6&#8243; tablet_width_inherit=&#8221;default&#8221; column_border_width=&#8221;none&#8221; column_border_style=&#8221;solid&#8221; bg_image_animation=&#8221;none&#8221;]<div class=\"iwithtext\"><div class=\"iwt-icon\"> <i class=\"icon-default-style fa fa-file-text-o accent-color\"><\/i> <\/div><div class=\"iwt-text\"> \n<h3><a href=\"https:\/\/anele.org\/wp-content\/uploads\/2011\/05\/140828NPR-ANELE-Informe-Precios-Libros-de-Texto-curso-2015-2016.pdf\" target=\"_blank\" rel=\"noopener noreferrer\">Los libros de texto renovados llegan a tiempo al inicio de curso<\/a><\/h3>\n <\/div><div class=\"clear\"><\/div><\/div>[\/vc_column_inner][vc_column_inner column_padding=&#8221;no-extra-padding&#8221; column_padding_position=&#8221;all&#8221; background_color_opacity=&#8221;1&#8243; background_hover_color_opacity=&#8221;1&#8243; column_shadow=&#8221;none&#8221; column_border_radius=&#8221;none&#8221; column_link_target=&#8221;_self&#8221; width=&#8221;1\/6&#8243; tablet_width_inherit=&#8221;default&#8221; column_border_width=&#8221;none&#8221; column_border_style=&#8221;solid&#8221; bg_image_animation=&#8221;none&#8221;][nectar_cta btn_style=&#8221;see-through&#8221; heading_tag=&#8221;h6&#8243; link_type=&#8221;new_tab&#8221; alignment=&#8221;right&#8221; url=&#8221;https:\/\/anele.org\/wp-content\/uploads\/2011\/05\/140828NPR-ANELE-Informe-Precios-Libros-de-Texto-curso-2015-2016.pdf&#8221; link_text=&#8221;pdf&#8221;][\/vc_column_inner][\/vc_row_inner][divider line_type=&#8221;Full Width Line&#8221; line_thickness=&#8221;1&#8243; divider_color=&#8221;default&#8221; custom_height=&#8221;10&#8243;][\/vc_column][\/vc_row][vc_row type=&#8221;in_container&#8221; full_screen_row_position=&#8221;middle&#8221; scene_position=&#8221;center&#8221; text_color=&#8221;dark&#8221; text_align=&#8221;left&#8221; overlay_strength=&#8221;0.3&#8243; shape_divider_position=&#8221;bottom&#8221; bg_image_animation=&#8221;none&#8221;][vc_column column_padding=&#8221;padding-8-percent&#8221; column_padding_position=&#8221;left-right&#8221; background_color_opacity=&#8221;1&#8243; background_hover_color_opacity=&#8221;1&#8243; column_link_target=&#8221;_self&#8221; column_shadow=&#8221;none&#8221; column_border_radius=&#8221;none&#8221; width=&#8221;1\/1&#8243; tablet_width_inherit=&#8221;default&#8221; tablet_text_alignment=&#8221;default&#8221; phone_text_alignment=&#8221;default&#8221; column_border_width=&#8221;none&#8221; column_border_style=&#8221;solid&#8221; bg_image_animation=&#8221;none&#8221;][vc_row_inner equal_height=&#8221;yes&#8221; content_placement=&#8221;middle&#8221; column_margin=&#8221;default&#8221; text_align=&#8221;left&#8221;][vc_column_inner column_padding=&#8221;no-extra-padding&#8221; column_padding_position=&#8221;all&#8221; background_color_opacity=&#8221;1&#8243; background_hover_color_opacity=&#8221;1&#8243; column_shadow=&#8221;none&#8221; column_border_radius=&#8221;none&#8221; column_link_target=&#8221;_self&#8221; width=&#8221;5\/6&#8243; tablet_width_inherit=&#8221;default&#8221; column_border_width=&#8221;none&#8221; column_border_style=&#8221;solid&#8221; bg_image_animation=&#8221;none&#8221;]<div class=\"iwithtext\"><div class=\"iwt-icon\"> <i class=\"icon-default-style fa fa-file-text-o accent-color\"><\/i> <\/div><div class=\"iwt-text\"> \n<h3><a href=\"https:\/\/anele.org\/wp-content\/uploads\/2011\/05\/NPR_Informe-Evoluci%C3%B3n-Precios-Libros-de-Texto-Curso-2014_2015.pdf\" target=\"_blank\" rel=\"noopener noreferrer\">El precio de los libros de texto se mantiene en un a\u00f1o de cambios<\/a><\/h3>\n <\/div><div class=\"clear\"><\/div><\/div>[\/vc_column_inner][vc_column_inner column_padding=&#8221;no-extra-padding&#8221; column_padding_position=&#8221;all&#8221; background_color_opacity=&#8221;1&#8243; background_hover_color_opacity=&#8221;1&#8243; column_shadow=&#8221;none&#8221; column_border_radius=&#8221;none&#8221; column_link_target=&#8221;_self&#8221; width=&#8221;1\/6&#8243; tablet_width_inherit=&#8221;default&#8221; column_border_width=&#8221;none&#8221; column_border_style=&#8221;solid&#8221; bg_image_animation=&#8221;none&#8221;][nectar_cta btn_style=&#8221;see-through&#8221; heading_tag=&#8221;h6&#8243; link_type=&#8221;new_tab&#8221; alignment=&#8221;right&#8221; url=&#8221;https:\/\/anele.org\/wp-content\/uploads\/2011\/05\/NPR_Informe-Evoluci%C3%B3n-Precios-Libros-de-Texto-Curso-2014_2015.pdf&#8221; link_text=&#8221;pdf&#8221;][\/vc_column_inner][\/vc_row_inner][divider line_type=&#8221;Full Width Line&#8221; line_thickness=&#8221;1&#8243; divider_color=&#8221;default&#8221; custom_height=&#8221;10&#8243;][\/vc_column][\/vc_row][vc_row type=&#8221;in_container&#8221; full_screen_row_position=&#8221;middle&#8221; scene_position=&#8221;center&#8221; text_color=&#8221;dark&#8221; text_align=&#8221;left&#8221; overlay_strength=&#8221;0.3&#8243; shape_divider_position=&#8221;bottom&#8221; bg_image_animation=&#8221;none&#8221;][vc_column column_padding=&#8221;padding-8-percent&#8221; column_padding_position=&#8221;left-right&#8221; background_color_opacity=&#8221;1&#8243; background_hover_color_opacity=&#8221;1&#8243; column_link_target=&#8221;_self&#8221; column_shadow=&#8221;none&#8221; column_border_radius=&#8221;none&#8221; width=&#8221;1\/1&#8243; tablet_width_inherit=&#8221;default&#8221; tablet_text_alignment=&#8221;default&#8221; phone_text_alignment=&#8221;default&#8221; column_border_width=&#8221;none&#8221; column_border_style=&#8221;solid&#8221; bg_image_animation=&#8221;none&#8221;][vc_row_inner equal_height=&#8221;yes&#8221; content_placement=&#8221;middle&#8221; column_margin=&#8221;default&#8221; text_align=&#8221;left&#8221;][vc_column_inner column_padding=&#8221;no-extra-padding&#8221; column_padding_position=&#8221;all&#8221; background_color_opacity=&#8221;1&#8243; background_hover_color_opacity=&#8221;1&#8243; column_shadow=&#8221;none&#8221; column_border_radius=&#8221;none&#8221; column_link_target=&#8221;_self&#8221; width=&#8221;5\/6&#8243; tablet_width_inherit=&#8221;default&#8221; column_border_width=&#8221;none&#8221; column_border_style=&#8221;solid&#8221; bg_image_animation=&#8221;none&#8221;]<div class=\"iwithtext\"><div class=\"iwt-icon\"> <i class=\"icon-default-style fa fa-file-text-o accent-color\"><\/i> <\/div><div class=\"iwt-text\"> \n<h3><a href=\"https:\/\/www.anele.org\/pdf\/140115NPR-ANELE-Plataforma-Contenidos-Digitales.pdf\" target=\"_blank\" rel=\"noopener noreferrer\">El sector del libro educativo expresa su apoyo al proyecto de plataforma de contenidos educativos digitales que lidera el ministerio de educaci\u00f3n<\/a><\/h3>\n <\/div><div class=\"clear\"><\/div><\/div>[\/vc_column_inner][vc_column_inner column_padding=&#8221;no-extra-padding&#8221; column_padding_position=&#8221;all&#8221; background_color_opacity=&#8221;1&#8243; background_hover_color_opacity=&#8221;1&#8243; column_shadow=&#8221;none&#8221; column_border_radius=&#8221;none&#8221; column_link_target=&#8221;_self&#8221; width=&#8221;1\/6&#8243; tablet_width_inherit=&#8221;default&#8221; column_border_width=&#8221;none&#8221; column_border_style=&#8221;solid&#8221; bg_image_animation=&#8221;none&#8221;][nectar_cta btn_style=&#8221;see-through&#8221; heading_tag=&#8221;h6&#8243; link_type=&#8221;new_tab&#8221; alignment=&#8221;right&#8221; url=&#8221;https:\/\/www.anele.org\/pdf\/140115NPR-ANELE-Plataforma-Contenidos-Digitales.pdf&#8221; link_text=&#8221;pdf&#8221;][\/vc_column_inner][\/vc_row_inner][divider line_type=&#8221;Full Width Line&#8221; line_thickness=&#8221;1&#8243; divider_color=&#8221;default&#8221; custom_height=&#8221;10&#8243;][\/vc_column][\/vc_row][vc_row type=&#8221;in_container&#8221; full_screen_row_position=&#8221;middle&#8221; scene_position=&#8221;center&#8221; text_color=&#8221;dark&#8221; text_align=&#8221;left&#8221; overlay_strength=&#8221;0.3&#8243; shape_divider_position=&#8221;bottom&#8221; bg_image_animation=&#8221;none&#8221;][vc_column column_padding=&#8221;padding-8-percent&#8221; column_padding_position=&#8221;left-right&#8221; background_color_opacity=&#8221;1&#8243; background_hover_color_opacity=&#8221;1&#8243; column_link_target=&#8221;_self&#8221; column_shadow=&#8221;none&#8221; column_border_radius=&#8221;none&#8221; width=&#8221;1\/1&#8243; tablet_width_inherit=&#8221;default&#8221; tablet_text_alignment=&#8221;default&#8221; phone_text_alignment=&#8221;default&#8221; column_border_width=&#8221;none&#8221; column_border_style=&#8221;solid&#8221; bg_image_animation=&#8221;none&#8221;][vc_row_inner equal_height=&#8221;yes&#8221; content_placement=&#8221;middle&#8221; column_margin=&#8221;default&#8221; text_align=&#8221;left&#8221;][vc_column_inner column_padding=&#8221;no-extra-padding&#8221; column_padding_position=&#8221;all&#8221; background_color_opacity=&#8221;1&#8243; background_hover_color_opacity=&#8221;1&#8243; column_shadow=&#8221;none&#8221; column_border_radius=&#8221;none&#8221; column_link_target=&#8221;_self&#8221; width=&#8221;5\/6&#8243; tablet_width_inherit=&#8221;default&#8221; column_border_width=&#8221;none&#8221; column_border_style=&#8221;solid&#8221; bg_image_animation=&#8221;none&#8221;]<div class=\"iwithtext\"><div class=\"iwt-icon\"> <i class=\"icon-default-style fa fa-file-text-o accent-color\"><\/i> <\/div><div class=\"iwt-text\"> \n<h3><a href=\"https:\/\/www.anele.org\/pdf\/130827NPR-ANELE-Informe%20Precios%20Libros%20de%20Texto%20curso%202013-2014.pdf\" target=\"_blank\" rel=\"noopener noreferrer\">El precio de los libros de texto se incrementa en un 1,1%, por debajo del IPC<\/a><\/h3>\n <\/div><div class=\"clear\"><\/div><\/div>[\/vc_column_inner][vc_column_inner column_padding=&#8221;no-extra-padding&#8221; column_padding_position=&#8221;all&#8221; background_color_opacity=&#8221;1&#8243; background_hover_color_opacity=&#8221;1&#8243; column_shadow=&#8221;none&#8221; column_border_radius=&#8221;none&#8221; column_link_target=&#8221;_self&#8221; width=&#8221;1\/6&#8243; tablet_width_inherit=&#8221;default&#8221; column_border_width=&#8221;none&#8221; column_border_style=&#8221;solid&#8221; bg_image_animation=&#8221;none&#8221;][nectar_cta btn_style=&#8221;see-through&#8221; heading_tag=&#8221;h6&#8243; link_type=&#8221;new_tab&#8221; alignment=&#8221;right&#8221; url=&#8221;https:\/\/www.anele.org\/pdf\/130827NPR-ANELE-Informe%20Precios%20Libros%20de%20Texto%20curso%202013-2014.pdf&#8221; link_text=&#8221;pdf&#8221;][\/vc_column_inner][\/vc_row_inner][divider line_type=&#8221;Full Width Line&#8221; line_thickness=&#8221;1&#8243; divider_color=&#8221;default&#8221; custom_height=&#8221;10&#8243;][\/vc_column][\/vc_row][vc_row type=&#8221;in_container&#8221; full_screen_row_position=&#8221;middle&#8221; scene_position=&#8221;center&#8221; text_color=&#8221;dark&#8221; text_align=&#8221;left&#8221; overlay_strength=&#8221;0.3&#8243; shape_divider_position=&#8221;bottom&#8221; bg_image_animation=&#8221;none&#8221;][vc_column column_padding=&#8221;padding-8-percent&#8221; column_padding_position=&#8221;left-right&#8221; background_color_opacity=&#8221;1&#8243; background_hover_color_opacity=&#8221;1&#8243; column_link_target=&#8221;_self&#8221; column_shadow=&#8221;none&#8221; column_border_radius=&#8221;none&#8221; width=&#8221;1\/1&#8243; tablet_width_inherit=&#8221;default&#8221; tablet_text_alignment=&#8221;default&#8221; phone_text_alignment=&#8221;default&#8221; column_border_width=&#8221;none&#8221; column_border_style=&#8221;solid&#8221; bg_image_animation=&#8221;none&#8221;][vc_row_inner equal_height=&#8221;yes&#8221; content_placement=&#8221;middle&#8221; column_margin=&#8221;default&#8221; text_align=&#8221;left&#8221;][vc_column_inner column_padding=&#8221;no-extra-padding&#8221; column_padding_position=&#8221;all&#8221; background_color_opacity=&#8221;1&#8243; background_hover_color_opacity=&#8221;1&#8243; column_shadow=&#8221;none&#8221; column_border_radius=&#8221;none&#8221; column_link_target=&#8221;_self&#8221; width=&#8221;5\/6&#8243; tablet_width_inherit=&#8221;default&#8221; column_border_width=&#8221;none&#8221; column_border_style=&#8221;solid&#8221; bg_image_animation=&#8221;none&#8221;]<div class=\"iwithtext\"><div class=\"iwt-icon\"> <i class=\"icon-default-style fa fa-file-text-o accent-color\"><\/i> <\/div><div class=\"iwt-text\"> \n<h3><a href=\"https:\/\/www.anele.org\/pdf\/Informe-Precios-Libros-de-Texto-2012-2013.pdf\" target=\"_blank\" rel=\"noopener noreferrer\">El precio de los libros de texto mantendr\u00e1 un incremento en l\u00ednea con el IPC<\/a><\/h3>\n <\/div><div class=\"clear\"><\/div><\/div>[\/vc_column_inner][vc_column_inner column_padding=&#8221;no-extra-padding&#8221; column_padding_position=&#8221;all&#8221; background_color_opacity=&#8221;1&#8243; background_hover_color_opacity=&#8221;1&#8243; column_shadow=&#8221;none&#8221; column_border_radius=&#8221;none&#8221; column_link_target=&#8221;_self&#8221; width=&#8221;1\/6&#8243; tablet_width_inherit=&#8221;default&#8221; column_border_width=&#8221;none&#8221; column_border_style=&#8221;solid&#8221; bg_image_animation=&#8221;none&#8221;][nectar_cta btn_style=&#8221;see-through&#8221; heading_tag=&#8221;h6&#8243; link_type=&#8221;new_tab&#8221; alignment=&#8221;right&#8221; url=&#8221;https:\/\/www.anele.org\/pdf\/Informe-Precios-Libros-de-Texto-2012-2013.pdf&#8221; link_text=&#8221;pdf&#8221;][\/vc_column_inner][\/vc_row_inner][divider line_type=&#8221;Full Width Line&#8221; line_thickness=&#8221;1&#8243; divider_color=&#8221;default&#8221; custom_height=&#8221;10&#8243;][\/vc_column][\/vc_row][vc_row type=&#8221;in_container&#8221; full_screen_row_position=&#8221;middle&#8221; scene_position=&#8221;center&#8221; text_color=&#8221;dark&#8221; text_align=&#8221;left&#8221; overlay_strength=&#8221;0.3&#8243; shape_divider_position=&#8221;bottom&#8221; bg_image_animation=&#8221;none&#8221;][vc_column column_padding=&#8221;padding-8-percent&#8221; column_padding_position=&#8221;left-right&#8221; background_color_opacity=&#8221;1&#8243; background_hover_color_opacity=&#8221;1&#8243; column_link_target=&#8221;_self&#8221; column_shadow=&#8221;none&#8221; column_border_radius=&#8221;none&#8221; width=&#8221;1\/1&#8243; tablet_width_inherit=&#8221;default&#8221; tablet_text_alignment=&#8221;default&#8221; phone_text_alignment=&#8221;default&#8221; column_border_width=&#8221;none&#8221; column_border_style=&#8221;solid&#8221; bg_image_animation=&#8221;none&#8221;][vc_row_inner equal_height=&#8221;yes&#8221; content_placement=&#8221;middle&#8221; column_margin=&#8221;default&#8221; text_align=&#8221;left&#8221;][vc_column_inner column_padding=&#8221;no-extra-padding&#8221; column_padding_position=&#8221;all&#8221; background_color_opacity=&#8221;1&#8243; background_hover_color_opacity=&#8221;1&#8243; column_shadow=&#8221;none&#8221; column_border_radius=&#8221;none&#8221; column_link_target=&#8221;_self&#8221; width=&#8221;5\/6&#8243; tablet_width_inherit=&#8221;default&#8221; column_border_width=&#8221;none&#8221; column_border_style=&#8221;solid&#8221; bg_image_animation=&#8221;none&#8221;]<div class=\"iwithtext\"><div class=\"iwt-icon\"> <i class=\"icon-default-style fa fa-file-text-o accent-color\"><\/i> <\/div><div class=\"iwt-text\"> \n<h3><a href=\"https:\/\/www.anele.org\/pdf\/Informe-Precios-Libros-de-Texto-2011.pdf\" target=\"_blank\" rel=\"noopener noreferrer\">El precio de los libros de texto se incrementa en l\u00ednea con el IPC<\/a><\/h3>\n <\/div><div class=\"clear\"><\/div><\/div>[\/vc_column_inner][vc_column_inner column_padding=&#8221;no-extra-padding&#8221; column_padding_position=&#8221;all&#8221; background_color_opacity=&#8221;1&#8243; background_hover_color_opacity=&#8221;1&#8243; column_shadow=&#8221;none&#8221; column_border_radius=&#8221;none&#8221; column_link_target=&#8221;_self&#8221; width=&#8221;1\/6&#8243; tablet_width_inherit=&#8221;default&#8221; column_border_width=&#8221;none&#8221; column_border_style=&#8221;solid&#8221; bg_image_animation=&#8221;none&#8221;][nectar_cta btn_style=&#8221;see-through&#8221; heading_tag=&#8221;h6&#8243; link_type=&#8221;new_tab&#8221; alignment=&#8221;right&#8221; url=&#8221;https:\/\/www.anele.org\/pdf\/Informe-Precios-Libros-de-Texto-2011.pdf&#8221; link_text=&#8221;pdf&#8221;][\/vc_column_inner][\/vc_row_inner][divider line_type=&#8221;Full Width Line&#8221; line_thickness=&#8221;1&#8243; divider_color=&#8221;default&#8221; custom_height=&#8221;10&#8243;][\/vc_column][\/vc_row][vc_row type=&#8221;in_container&#8221; full_screen_row_position=&#8221;middle&#8221; scene_position=&#8221;center&#8221; text_color=&#8221;dark&#8221; text_align=&#8221;left&#8221; overlay_strength=&#8221;0.3&#8243; shape_divider_position=&#8221;bottom&#8221; bg_image_animation=&#8221;none&#8221;][vc_column column_padding=&#8221;padding-8-percent&#8221; column_padding_position=&#8221;left-right&#8221; background_color_opacity=&#8221;1&#8243; background_hover_color_opacity=&#8221;1&#8243; column_link_target=&#8221;_self&#8221; column_shadow=&#8221;none&#8221; column_border_radius=&#8221;none&#8221; width=&#8221;1\/1&#8243; tablet_width_inherit=&#8221;default&#8221; tablet_text_alignment=&#8221;default&#8221; phone_text_alignment=&#8221;default&#8221; column_border_width=&#8221;none&#8221; column_border_style=&#8221;solid&#8221; bg_image_animation=&#8221;none&#8221;][vc_row_inner equal_height=&#8221;yes&#8221; content_placement=&#8221;middle&#8221; column_margin=&#8221;default&#8221; text_align=&#8221;left&#8221;][vc_column_inner column_padding=&#8221;no-extra-padding&#8221; column_padding_position=&#8221;all&#8221; background_color_opacity=&#8221;1&#8243; background_hover_color_opacity=&#8221;1&#8243; column_shadow=&#8221;none&#8221; column_border_radius=&#8221;none&#8221; column_link_target=&#8221;_self&#8221; width=&#8221;5\/6&#8243; tablet_width_inherit=&#8221;default&#8221; column_border_width=&#8221;none&#8221; column_border_style=&#8221;solid&#8221; bg_image_animation=&#8221;none&#8221;]<div class=\"iwithtext\"><div class=\"iwt-icon\"> <i class=\"icon-default-style fa fa-file-text-o accent-color\"><\/i> <\/div><div class=\"iwt-text\"> \n<h3><a href=\"https:\/\/www.anele.org\/pdf\/NP-090827-Precios2009_2010.pdf\" target=\"_blank\" rel=\"noopener noreferrer\">El precio de los libros de texto registra el menor aumento en 10 a\u00f1os<\/a><\/h3>\n <\/div><div class=\"clear\"><\/div><\/div>[\/vc_column_inner][vc_column_inner column_padding=&#8221;no-extra-padding&#8221; column_padding_position=&#8221;all&#8221; background_color_opacity=&#8221;1&#8243; background_hover_color_opacity=&#8221;1&#8243; column_shadow=&#8221;none&#8221; column_border_radius=&#8221;none&#8221; column_link_target=&#8221;_self&#8221; width=&#8221;1\/6&#8243; tablet_width_inherit=&#8221;default&#8221; column_border_width=&#8221;none&#8221; column_border_style=&#8221;solid&#8221; bg_image_animation=&#8221;none&#8221;][nectar_cta btn_style=&#8221;see-through&#8221; heading_tag=&#8221;h6&#8243; link_type=&#8221;new_tab&#8221; alignment=&#8221;right&#8221; url=&#8221;https:\/\/www.anele.org\/pdf\/NP-090827-Precios2009_2010.pdf&#8221; link_text=&#8221;pdf&#8221;][\/vc_column_inner][\/vc_row_inner][divider line_type=&#8221;Full Width Line&#8221; line_thickness=&#8221;1&#8243; divider_color=&#8221;default&#8221; custom_height=&#8221;10&#8243;][\/vc_column][\/vc_row][vc_row type=&#8221;in_container&#8221; full_screen_row_position=&#8221;middle&#8221; scene_position=&#8221;center&#8221; text_color=&#8221;dark&#8221; text_align=&#8221;left&#8221; overlay_strength=&#8221;0.3&#8243; shape_divider_position=&#8221;bottom&#8221; bg_image_animation=&#8221;none&#8221;][vc_column column_padding=&#8221;padding-8-percent&#8221; column_padding_position=&#8221;left-right&#8221; background_color_opacity=&#8221;1&#8243; background_hover_color_opacity=&#8221;1&#8243; column_link_target=&#8221;_self&#8221; column_shadow=&#8221;none&#8221; column_border_radius=&#8221;none&#8221; width=&#8221;1\/1&#8243; tablet_width_inherit=&#8221;default&#8221; tablet_text_alignment=&#8221;default&#8221; phone_text_alignment=&#8221;default&#8221; column_border_width=&#8221;none&#8221; column_border_style=&#8221;solid&#8221; bg_image_animation=&#8221;none&#8221;][vc_row_inner equal_height=&#8221;yes&#8221; content_placement=&#8221;middle&#8221; column_margin=&#8221;default&#8221; text_align=&#8221;left&#8221;][vc_column_inner column_padding=&#8221;no-extra-padding&#8221; column_padding_position=&#8221;all&#8221; background_color_opacity=&#8221;1&#8243; background_hover_color_opacity=&#8221;1&#8243; column_shadow=&#8221;none&#8221; column_border_radius=&#8221;none&#8221; column_link_target=&#8221;_self&#8221; width=&#8221;5\/6&#8243; tablet_width_inherit=&#8221;default&#8221; column_border_width=&#8221;none&#8221; column_border_style=&#8221;solid&#8221; bg_image_animation=&#8221;none&#8221;]<div class=\"iwithtext\"><div class=\"iwt-icon\"> <i class=\"icon-default-style fa fa-file-text-o accent-color\"><\/i> <\/div><div class=\"iwt-text\"> \n<h3><a href=\"https:\/\/www.anele.org\/pdf\/NP-090703-CE2008.pdf\" target=\"_blank\" rel=\"noopener noreferrer\">Las exportaciones se mantienen a pesar de la crisis y de la fuerza del euro<\/a><\/h3>\n <\/div><div class=\"clear\"><\/div><\/div>[\/vc_column_inner][vc_column_inner column_padding=&#8221;no-extra-padding&#8221; column_padding_position=&#8221;all&#8221; background_color_opacity=&#8221;1&#8243; background_hover_color_opacity=&#8221;1&#8243; column_shadow=&#8221;none&#8221; column_border_radius=&#8221;none&#8221; column_link_target=&#8221;_self&#8221; width=&#8221;1\/6&#8243; tablet_width_inherit=&#8221;default&#8221; column_border_width=&#8221;none&#8221; column_border_style=&#8221;solid&#8221; bg_image_animation=&#8221;none&#8221;][nectar_cta btn_style=&#8221;see-through&#8221; heading_tag=&#8221;h6&#8243; link_type=&#8221;new_tab&#8221; alignment=&#8221;right&#8221; url=&#8221;https:\/\/www.anele.org\/pdf\/NP-090703-CE2008.pdf&#8221; link_text=&#8221;pdf&#8221;][\/vc_column_inner][\/vc_row_inner][divider line_type=&#8221;Full Width Line&#8221; line_thickness=&#8221;1&#8243; divider_color=&#8221;default&#8221; custom_height=&#8221;10&#8243;][\/vc_column][\/vc_row][vc_row type=&#8221;in_container&#8221; full_screen_row_position=&#8221;middle&#8221; scene_position=&#8221;center&#8221; text_color=&#8221;dark&#8221; text_align=&#8221;left&#8221; overlay_strength=&#8221;0.3&#8243; shape_divider_position=&#8221;bottom&#8221; bg_image_animation=&#8221;none&#8221;][vc_column column_padding=&#8221;padding-8-percent&#8221; column_padding_position=&#8221;left-right&#8221; background_color_opacity=&#8221;1&#8243; background_hover_color_opacity=&#8221;1&#8243; column_link_target=&#8221;_self&#8221; column_shadow=&#8221;none&#8221; column_border_radius=&#8221;none&#8221; width=&#8221;1\/1&#8243; tablet_width_inherit=&#8221;default&#8221; tablet_text_alignment=&#8221;default&#8221; phone_text_alignment=&#8221;default&#8221; column_border_width=&#8221;none&#8221; column_border_style=&#8221;solid&#8221; bg_image_animation=&#8221;none&#8221;][vc_row_inner equal_height=&#8221;yes&#8221; content_placement=&#8221;middle&#8221; column_margin=&#8221;default&#8221; text_align=&#8221;left&#8221;][vc_column_inner column_padding=&#8221;no-extra-padding&#8221; column_padding_position=&#8221;all&#8221; background_color_opacity=&#8221;1&#8243; background_hover_color_opacity=&#8221;1&#8243; column_shadow=&#8221;none&#8221; column_border_radius=&#8221;none&#8221; column_link_target=&#8221;_self&#8221; width=&#8221;5\/6&#8243; tablet_width_inherit=&#8221;default&#8221; column_border_width=&#8221;none&#8221; column_border_style=&#8221;solid&#8221; bg_image_animation=&#8221;none&#8221;]<div class=\"iwithtext\"><div class=\"iwt-icon\"> <i class=\"icon-default-style fa fa-file-text-o accent-color\"><\/i> <\/div><div class=\"iwt-text\"> \n<h3><a href=\"https:\/\/www.anele.org\/pdf\/NP-090703-estadisticas.pdf\" target=\"_blank\" rel=\"noopener noreferrer\">Evoluci\u00f3n de las Exportaciones Sector del Libro<\/a><\/h3>\n<h5>Informaci\u00f3n del Per\u00edodo 1990\/2008<\/h5>\n <\/div><div class=\"clear\"><\/div><\/div>[\/vc_column_inner][vc_column_inner column_padding=&#8221;no-extra-padding&#8221; column_padding_position=&#8221;all&#8221; background_color_opacity=&#8221;1&#8243; background_hover_color_opacity=&#8221;1&#8243; column_shadow=&#8221;none&#8221; column_border_radius=&#8221;none&#8221; column_link_target=&#8221;_self&#8221; width=&#8221;1\/6&#8243; tablet_width_inherit=&#8221;default&#8221; column_border_width=&#8221;none&#8221; column_border_style=&#8221;solid&#8221; bg_image_animation=&#8221;none&#8221;][nectar_cta btn_style=&#8221;see-through&#8221; heading_tag=&#8221;h6&#8243; link_type=&#8221;new_tab&#8221; alignment=&#8221;right&#8221; url=&#8221;https:\/\/www.anele.org\/pdf\/NP-090703-estadisticas.pdf&#8221; link_text=&#8221;pdf&#8221;][\/vc_column_inner][\/vc_row_inner][divider line_type=&#8221;Full Width Line&#8221; line_thickness=&#8221;1&#8243; divider_color=&#8221;default&#8221; custom_height=&#8221;10&#8243;][\/vc_column][\/vc_row][vc_row type=&#8221;in_container&#8221; full_screen_row_position=&#8221;middle&#8221; scene_position=&#8221;center&#8221; text_color=&#8221;dark&#8221; text_align=&#8221;left&#8221; overlay_strength=&#8221;0.3&#8243; shape_divider_position=&#8221;bottom&#8221; bg_image_animation=&#8221;none&#8221;][vc_column column_padding=&#8221;padding-8-percent&#8221; column_padding_position=&#8221;left-right&#8221; background_color_opacity=&#8221;1&#8243; background_hover_color_opacity=&#8221;1&#8243; column_link_target=&#8221;_self&#8221; column_shadow=&#8221;none&#8221; column_border_radius=&#8221;none&#8221; width=&#8221;1\/1&#8243; tablet_width_inherit=&#8221;default&#8221; tablet_text_alignment=&#8221;default&#8221; phone_text_alignment=&#8221;default&#8221; column_border_width=&#8221;none&#8221; column_border_style=&#8221;solid&#8221; bg_image_animation=&#8221;none&#8221;][vc_row_inner equal_height=&#8221;yes&#8221; content_placement=&#8221;middle&#8221; column_margin=&#8221;default&#8221; text_align=&#8221;left&#8221;][vc_column_inner column_padding=&#8221;no-extra-padding&#8221; column_padding_position=&#8221;all&#8221; background_color_opacity=&#8221;1&#8243; background_hover_color_opacity=&#8221;1&#8243; column_shadow=&#8221;none&#8221; column_border_radius=&#8221;none&#8221; column_link_target=&#8221;_self&#8221; width=&#8221;5\/6&#8243; tablet_width_inherit=&#8221;default&#8221; column_border_width=&#8221;none&#8221; column_border_style=&#8221;solid&#8221; bg_image_animation=&#8221;none&#8221;]<div class=\"iwithtext\"><div class=\"iwt-icon\"> <i class=\"icon-default-style fa fa-file-text-o accent-color\"><\/i> <\/div><div class=\"iwt-text\"> \n<h3><a href=\"https:\/\/www.anele.org\/pdf\/NP-090609-InformeNTE.pdf\" target=\"_blank\" rel=\"noopener noreferrer\">El libro de texto en papel deber\u00e1 aprovechar las nuevas tecnolog\u00edas y soportes digitales para reinventarse<\/a><\/h3>\n <\/div><div class=\"clear\"><\/div><\/div>[\/vc_column_inner][vc_column_inner column_padding=&#8221;no-extra-padding&#8221; column_padding_position=&#8221;all&#8221; background_color_opacity=&#8221;1&#8243; background_hover_color_opacity=&#8221;1&#8243; column_shadow=&#8221;none&#8221; column_border_radius=&#8221;none&#8221; column_link_target=&#8221;_self&#8221; width=&#8221;1\/6&#8243; tablet_width_inherit=&#8221;default&#8221; column_border_width=&#8221;none&#8221; column_border_style=&#8221;solid&#8221; bg_image_animation=&#8221;none&#8221;][nectar_cta btn_style=&#8221;see-through&#8221; heading_tag=&#8221;h6&#8243; link_type=&#8221;new_tab&#8221; alignment=&#8221;right&#8221; url=&#8221;https:\/\/www.anele.org\/pdf\/NP-090609-InformeNTE.pdf&#8221; link_text=&#8221;pdf&#8221;][\/vc_column_inner][\/vc_row_inner][divider line_type=&#8221;Full Width Line&#8221; line_thickness=&#8221;1&#8243; divider_color=&#8221;default&#8221; custom_height=&#8221;10&#8243;][\/vc_column][\/vc_row][vc_row type=&#8221;in_container&#8221; full_screen_row_position=&#8221;middle&#8221; scene_position=&#8221;center&#8221; text_color=&#8221;dark&#8221; text_align=&#8221;left&#8221; overlay_strength=&#8221;0.3&#8243; shape_divider_position=&#8221;bottom&#8221; bg_image_animation=&#8221;none&#8221;][vc_column column_padding=&#8221;padding-8-percent&#8221; column_padding_position=&#8221;left-right&#8221; background_color_opacity=&#8221;1&#8243; background_hover_color_opacity=&#8221;1&#8243; column_link_target=&#8221;_self&#8221; column_shadow=&#8221;none&#8221; column_border_radius=&#8221;none&#8221; width=&#8221;1\/1&#8243; tablet_width_inherit=&#8221;default&#8221; tablet_text_alignment=&#8221;default&#8221; phone_text_alignment=&#8221;default&#8221; column_border_width=&#8221;none&#8221; column_border_style=&#8221;solid&#8221; bg_image_animation=&#8221;none&#8221;][vc_row_inner equal_height=&#8221;yes&#8221; content_placement=&#8221;middle&#8221; column_margin=&#8221;default&#8221; text_align=&#8221;left&#8221;][vc_column_inner column_padding=&#8221;no-extra-padding&#8221; column_padding_position=&#8221;all&#8221; background_color_opacity=&#8221;1&#8243; background_hover_color_opacity=&#8221;1&#8243; column_shadow=&#8221;none&#8221; column_border_radius=&#8221;none&#8221; column_link_target=&#8221;_self&#8221; width=&#8221;5\/6&#8243; tablet_width_inherit=&#8221;default&#8221; column_border_width=&#8221;none&#8221; column_border_style=&#8221;solid&#8221; bg_image_animation=&#8221;none&#8221;]<div class=\"iwithtext\"><div class=\"iwt-icon\"> <i class=\"icon-default-style fa fa-file-text-o accent-color\"><\/i> <\/div><div class=\"iwt-text\"> \n<h3><a href=\"https:\/\/www.anele.org\/pdf\/NP-090520-Editores-2-Educaci%C3%B3n.pdf\" target=\"_blank\" rel=\"noopener noreferrer\">Una universidad sin libros de texto<\/a><\/h3>\n<h5>Los alumnos del Thomas Aquinas College utilizan con manuales las obras de los grandes cl\u00e1sicos. Fuente: Cinco Dias.<\/h5>\n <\/div><div class=\"clear\"><\/div><\/div>[\/vc_column_inner][vc_column_inner column_padding=&#8221;no-extra-padding&#8221; column_padding_position=&#8221;all&#8221; background_color_opacity=&#8221;1&#8243; background_hover_color_opacity=&#8221;1&#8243; column_shadow=&#8221;none&#8221; column_border_radius=&#8221;none&#8221; column_link_target=&#8221;_self&#8221; width=&#8221;1\/6&#8243; tablet_width_inherit=&#8221;default&#8221; column_border_width=&#8221;none&#8221; column_border_style=&#8221;solid&#8221; bg_image_animation=&#8221;none&#8221;][nectar_cta btn_style=&#8221;see-through&#8221; heading_tag=&#8221;h6&#8243; link_type=&#8221;new_tab&#8221; alignment=&#8221;right&#8221; url=&#8221;https:\/\/www.anele.org\/pdf\/NP-090520-Editores-2-Educaci%C3%B3n.pdf&#8221; link_text=&#8221;pdf&#8221;][\/vc_column_inner][\/vc_row_inner][divider line_type=&#8221;Full Width Line&#8221; line_thickness=&#8221;1&#8243; divider_color=&#8221;default&#8221; custom_height=&#8221;10&#8243;][\/vc_column][\/vc_row][vc_row type=&#8221;in_container&#8221; full_screen_row_position=&#8221;middle&#8221; scene_position=&#8221;center&#8221; text_color=&#8221;dark&#8221; text_align=&#8221;left&#8221; overlay_strength=&#8221;0.3&#8243; shape_divider_position=&#8221;bottom&#8221; bg_image_animation=&#8221;none&#8221;][vc_column column_padding=&#8221;padding-8-percent&#8221; column_padding_position=&#8221;left-right&#8221; background_color_opacity=&#8221;1&#8243; background_hover_color_opacity=&#8221;1&#8243; column_link_target=&#8221;_self&#8221; column_shadow=&#8221;none&#8221; column_border_radius=&#8221;none&#8221; width=&#8221;1\/1&#8243; tablet_width_inherit=&#8221;default&#8221; tablet_text_alignment=&#8221;default&#8221; phone_text_alignment=&#8221;default&#8221; column_border_width=&#8221;none&#8221; column_border_style=&#8221;solid&#8221; bg_image_animation=&#8221;none&#8221;][vc_row_inner equal_height=&#8221;yes&#8221; content_placement=&#8221;middle&#8221; column_margin=&#8221;default&#8221; text_align=&#8221;left&#8221;][vc_column_inner column_padding=&#8221;no-extra-padding&#8221; column_padding_position=&#8221;all&#8221; background_color_opacity=&#8221;1&#8243; background_hover_color_opacity=&#8221;1&#8243; column_shadow=&#8221;none&#8221; column_border_radius=&#8221;none&#8221; column_link_target=&#8221;_self&#8221; width=&#8221;5\/6&#8243; tablet_width_inherit=&#8221;default&#8221; column_border_width=&#8221;none&#8221; column_border_style=&#8221;solid&#8221; bg_image_animation=&#8221;none&#8221;]<div class=\"iwithtext\"><div class=\"iwt-icon\"> <i class=\"icon-default-style fa fa-file-text-o accent-color\"><\/i> <\/div><div class=\"iwt-text\"> \n<h3><a href=\"https:\/\/www.anele.org\/pdf\/NP-090518-Editores-2-Educacion.pdf\" target=\"_blank\" rel=\"noopener noreferrer\">El port\u00e1til frente al fracaso escolar<\/a><\/h3>\n<h5>Los editories de libros se queja de que \u201cnadie ha hablado con el sector\u201d para definir los contenidos digitales en el aula. Los profesores carecen de los conocimientos suficientes para implantarlos. <em>Fuente \u201cLa Raz\u00f3n\u201d<\/em><\/h5>\n <\/div><div class=\"clear\"><\/div><\/div>[\/vc_column_inner][vc_column_inner column_padding=&#8221;no-extra-padding&#8221; column_padding_position=&#8221;all&#8221; background_color_opacity=&#8221;1&#8243; background_hover_color_opacity=&#8221;1&#8243; column_shadow=&#8221;none&#8221; column_border_radius=&#8221;none&#8221; column_link_target=&#8221;_self&#8221; width=&#8221;1\/6&#8243; tablet_width_inherit=&#8221;default&#8221; column_border_width=&#8221;none&#8221; column_border_style=&#8221;solid&#8221; bg_image_animation=&#8221;none&#8221;][nectar_cta btn_style=&#8221;see-through&#8221; heading_tag=&#8221;h6&#8243; link_type=&#8221;new_tab&#8221; alignment=&#8221;right&#8221; url=&#8221;https:\/\/www.anele.org\/pdf\/NP-090518-Editores-2-Educacion.pdf&#8221; link_text=&#8221;pdf&#8221;][\/vc_column_inner][\/vc_row_inner][divider line_type=&#8221;Full Width Line&#8221; line_thickness=&#8221;1&#8243; divider_color=&#8221;default&#8221; custom_height=&#8221;10&#8243;][\/vc_column][\/vc_row][vc_row type=&#8221;in_container&#8221; full_screen_row_position=&#8221;middle&#8221; scene_position=&#8221;center&#8221; text_color=&#8221;dark&#8221; text_align=&#8221;left&#8221; overlay_strength=&#8221;0.3&#8243; shape_divider_position=&#8221;bottom&#8221; bg_image_animation=&#8221;none&#8221;][vc_column column_padding=&#8221;padding-8-percent&#8221; column_padding_position=&#8221;left-right&#8221; background_color_opacity=&#8221;1&#8243; background_hover_color_opacity=&#8221;1&#8243; column_link_target=&#8221;_self&#8221; column_shadow=&#8221;none&#8221; column_border_radius=&#8221;none&#8221; width=&#8221;1\/1&#8243; tablet_width_inherit=&#8221;default&#8221; tablet_text_alignment=&#8221;default&#8221; phone_text_alignment=&#8221;default&#8221; column_border_width=&#8221;none&#8221; column_border_style=&#8221;solid&#8221; bg_image_animation=&#8221;none&#8221;][vc_row_inner equal_height=&#8221;yes&#8221; content_placement=&#8221;middle&#8221; column_margin=&#8221;default&#8221; text_align=&#8221;left&#8221;][vc_column_inner column_padding=&#8221;no-extra-padding&#8221; column_padding_position=&#8221;all&#8221; background_color_opacity=&#8221;1&#8243; background_hover_color_opacity=&#8221;1&#8243; column_shadow=&#8221;none&#8221; column_border_radius=&#8221;none&#8221; column_link_target=&#8221;_self&#8221; width=&#8221;5\/6&#8243; tablet_width_inherit=&#8221;default&#8221; column_border_width=&#8221;none&#8221; column_border_style=&#8221;solid&#8221; bg_image_animation=&#8221;none&#8221;]<div class=\"iwithtext\"><div class=\"iwt-icon\"> <i class=\"icon-default-style fa fa-file-text-o accent-color\"><\/i> <\/div><div class=\"iwt-text\"> \n<h3><a href=\"https:\/\/www.anele.org\/pdf\/NP-080827-Precios2008-2009.pdf\" target=\"_blank\" rel=\"noopener noreferrer\">Los editores logran contener el alza del precio de los libros de texto por debajo de la inflaci\u00f3n<\/a><\/h3>\n<h5>El gasto que dedican las Comunidades Aut\u00f3nomas a libros educativos refleja enormes diferencias<\/h5>\n <\/div><div class=\"clear\"><\/div><\/div>[\/vc_column_inner][vc_column_inner column_padding=&#8221;no-extra-padding&#8221; column_padding_position=&#8221;all&#8221; background_color_opacity=&#8221;1&#8243; background_hover_color_opacity=&#8221;1&#8243; column_shadow=&#8221;none&#8221; column_border_radius=&#8221;none&#8221; column_link_target=&#8221;_self&#8221; width=&#8221;1\/6&#8243; tablet_width_inherit=&#8221;default&#8221; column_border_width=&#8221;none&#8221; column_border_style=&#8221;solid&#8221; bg_image_animation=&#8221;none&#8221;][nectar_cta btn_style=&#8221;see-through&#8221; heading_tag=&#8221;h6&#8243; link_type=&#8221;new_tab&#8221; alignment=&#8221;right&#8221; url=&#8221;https:\/\/www.anele.org\/pdf\/NP-080827-Precios2008-2009.pdf&#8221; link_text=&#8221;pdf&#8221;][\/vc_column_inner][\/vc_row_inner][divider line_type=&#8221;Full Width Line&#8221; line_thickness=&#8221;1&#8243; divider_color=&#8221;default&#8221; custom_height=&#8221;10&#8243;][\/vc_column][\/vc_row][vc_row type=&#8221;in_container&#8221; full_screen_row_position=&#8221;middle&#8221; scene_position=&#8221;center&#8221; text_color=&#8221;dark&#8221; text_align=&#8221;left&#8221; overlay_strength=&#8221;0.3&#8243; shape_divider_position=&#8221;bottom&#8221; bg_image_animation=&#8221;none&#8221;][vc_column column_padding=&#8221;padding-8-percent&#8221; column_padding_position=&#8221;left-right&#8221; background_color_opacity=&#8221;1&#8243; background_hover_color_opacity=&#8221;1&#8243; column_link_target=&#8221;_self&#8221; column_shadow=&#8221;none&#8221; column_border_radius=&#8221;none&#8221; width=&#8221;1\/1&#8243; tablet_width_inherit=&#8221;default&#8221; tablet_text_alignment=&#8221;default&#8221; phone_text_alignment=&#8221;default&#8221; column_border_width=&#8221;none&#8221; column_border_style=&#8221;solid&#8221; bg_image_animation=&#8221;none&#8221;][vc_row_inner equal_height=&#8221;yes&#8221; content_placement=&#8221;middle&#8221; column_margin=&#8221;default&#8221; text_align=&#8221;left&#8221;][vc_column_inner column_padding=&#8221;no-extra-padding&#8221; column_padding_position=&#8221;all&#8221; background_color_opacity=&#8221;1&#8243; background_hover_color_opacity=&#8221;1&#8243; column_shadow=&#8221;none&#8221; column_border_radius=&#8221;none&#8221; column_link_target=&#8221;_self&#8221; width=&#8221;5\/6&#8243; tablet_width_inherit=&#8221;default&#8221; column_border_width=&#8221;none&#8221; column_border_style=&#8221;solid&#8221; bg_image_animation=&#8221;none&#8221;]<div class=\"iwithtext\"><div class=\"iwt-icon\"> <i class=\"icon-default-style fa fa-file-text-o accent-color\"><\/i> <\/div><div class=\"iwt-text\"> \n<h3><a href=\"https:\/\/www.anele.org\/pdf\/NP-080715-ColaboracionCSIC.pdf\" target=\"_blank\" rel=\"noopener noreferrer\">El CSIC colaborar\u00e1 con los editores de libros de texto<\/a><\/h3>\n<h5>El CSIC y ANELE, que representa al 96% del sector, firmaron hoy, lunes 14 de julio, un convenio para, entre otras actividades, favorecer que los investigadores del CSIC asesoren a los editores en la elaboraci\u00f3n de los materiales educativos.<\/h5>\n <\/div><div class=\"clear\"><\/div><\/div>[\/vc_column_inner][vc_column_inner column_padding=&#8221;no-extra-padding&#8221; column_padding_position=&#8221;all&#8221; background_color_opacity=&#8221;1&#8243; background_hover_color_opacity=&#8221;1&#8243; column_shadow=&#8221;none&#8221; column_border_radius=&#8221;none&#8221; column_link_target=&#8221;_self&#8221; width=&#8221;1\/6&#8243; tablet_width_inherit=&#8221;default&#8221; column_border_width=&#8221;none&#8221; column_border_style=&#8221;solid&#8221; bg_image_animation=&#8221;none&#8221;][nectar_cta btn_style=&#8221;see-through&#8221; heading_tag=&#8221;h6&#8243; link_type=&#8221;new_tab&#8221; alignment=&#8221;right&#8221; url=&#8221;https:\/\/www.anele.org\/pdf\/NP-080715-ColaboracionCSIC.pdf&#8221; link_text=&#8221;pdf&#8221;][\/vc_column_inner][\/vc_row_inner][divider line_type=&#8221;Full Width Line&#8221; line_thickness=&#8221;1&#8243; divider_color=&#8221;default&#8221; custom_height=&#8221;10&#8243;][\/vc_column][\/vc_row][vc_row type=&#8221;in_container&#8221; full_screen_row_position=&#8221;middle&#8221; scene_position=&#8221;center&#8221; text_color=&#8221;dark&#8221; text_align=&#8221;left&#8221; overlay_strength=&#8221;0.3&#8243; shape_divider_position=&#8221;bottom&#8221; bg_image_animation=&#8221;none&#8221;][vc_column column_padding=&#8221;padding-8-percent&#8221; column_padding_position=&#8221;left-right&#8221; background_color_opacity=&#8221;1&#8243; background_hover_color_opacity=&#8221;1&#8243; column_link_target=&#8221;_self&#8221; column_shadow=&#8221;none&#8221; column_border_radius=&#8221;none&#8221; width=&#8221;1\/1&#8243; tablet_width_inherit=&#8221;default&#8221; tablet_text_alignment=&#8221;default&#8221; phone_text_alignment=&#8221;default&#8221; column_border_width=&#8221;none&#8221; column_border_style=&#8221;solid&#8221; bg_image_animation=&#8221;none&#8221;][vc_row_inner equal_height=&#8221;yes&#8221; content_placement=&#8221;middle&#8221; column_margin=&#8221;default&#8221; text_align=&#8221;left&#8221;][vc_column_inner column_padding=&#8221;no-extra-padding&#8221; column_padding_position=&#8221;all&#8221; background_color_opacity=&#8221;1&#8243; background_hover_color_opacity=&#8221;1&#8243; column_shadow=&#8221;none&#8221; column_border_radius=&#8221;none&#8221; column_link_target=&#8221;_self&#8221; width=&#8221;5\/6&#8243; tablet_width_inherit=&#8221;default&#8221; column_border_width=&#8221;none&#8221; column_border_style=&#8221;solid&#8221; bg_image_animation=&#8221;none&#8221;]<div class=\"iwithtext\"><div class=\"iwt-icon\"> <i class=\"icon-default-style fa fa-file-text-o accent-color\"><\/i> <\/div><div class=\"iwt-text\"> \n<h3><a href=\"https:\/\/www.anele.org\/pdf\/NP-080618-ComunicadoEuskadi.pdf\" target=\"_blank\" rel=\"noopener noreferrer\">El sector del libro denuncia la inhibici\u00f3n del Gobierno Vasco para frenar el deterioro de la industria cultural en euskera<\/a><\/h3>\n<h5>Ante la aplicaci\u00f3n del modelo de pr\u00e9stamo del libro de texto para la ense\u00f1anza obligatoria del Programa de gesti\u00f3n solidaria y equitativa de libros de texto y material did\u00e1ctico, promovido y aprobado por el Departamento de Educaci\u00f3n, Universidades e Investigaci\u00f3n del Gobierno Vasco\u2026<\/h5>\n <\/div><div class=\"clear\"><\/div><\/div>[\/vc_column_inner][vc_column_inner column_padding=&#8221;no-extra-padding&#8221; column_padding_position=&#8221;all&#8221; background_color_opacity=&#8221;1&#8243; background_hover_color_opacity=&#8221;1&#8243; column_shadow=&#8221;none&#8221; column_border_radius=&#8221;none&#8221; column_link_target=&#8221;_self&#8221; width=&#8221;1\/6&#8243; tablet_width_inherit=&#8221;default&#8221; column_border_width=&#8221;none&#8221; column_border_style=&#8221;solid&#8221; bg_image_animation=&#8221;none&#8221;][nectar_cta btn_style=&#8221;see-through&#8221; heading_tag=&#8221;h6&#8243; link_type=&#8221;new_tab&#8221; alignment=&#8221;right&#8221; url=&#8221;https:\/\/www.anele.org\/pdf\/NP-080618-ComunicadoEuskadi.pdf&#8221; link_text=&#8221;pdf&#8221;][\/vc_column_inner][\/vc_row_inner][divider line_type=&#8221;Full Width Line&#8221; line_thickness=&#8221;1&#8243; divider_color=&#8221;default&#8221; custom_height=&#8221;10&#8243;][\/vc_column][\/vc_row][vc_row type=&#8221;in_container&#8221; full_screen_row_position=&#8221;middle&#8221; scene_position=&#8221;center&#8221; text_color=&#8221;dark&#8221; text_align=&#8221;left&#8221; overlay_strength=&#8221;0.3&#8243; shape_divider_position=&#8221;bottom&#8221; bg_image_animation=&#8221;none&#8221;][vc_column column_padding=&#8221;padding-8-percent&#8221; column_padding_position=&#8221;left-right&#8221; background_color_opacity=&#8221;1&#8243; background_hover_color_opacity=&#8221;1&#8243; column_link_target=&#8221;_self&#8221; column_shadow=&#8221;none&#8221; column_border_radius=&#8221;none&#8221; width=&#8221;1\/1&#8243; tablet_width_inherit=&#8221;default&#8221; tablet_text_alignment=&#8221;default&#8221; phone_text_alignment=&#8221;default&#8221; column_border_width=&#8221;none&#8221; column_border_style=&#8221;solid&#8221; bg_image_animation=&#8221;none&#8221;][vc_row_inner equal_height=&#8221;yes&#8221; content_placement=&#8221;middle&#8221; column_margin=&#8221;default&#8221; text_align=&#8221;left&#8221;][vc_column_inner column_padding=&#8221;no-extra-padding&#8221; column_padding_position=&#8221;all&#8221; background_color_opacity=&#8221;1&#8243; background_hover_color_opacity=&#8221;1&#8243; column_shadow=&#8221;none&#8221; column_border_radius=&#8221;none&#8221; column_link_target=&#8221;_self&#8221; width=&#8221;5\/6&#8243; tablet_width_inherit=&#8221;default&#8221; column_border_width=&#8221;none&#8221; column_border_style=&#8221;solid&#8221; bg_image_animation=&#8221;none&#8221;]<div class=\"iwithtext\"><div class=\"iwt-icon\"> <i class=\"icon-default-style fa fa-file-text-o accent-color\"><\/i> <\/div><div class=\"iwt-text\"> \n<h3><a href=\"https:\/\/www.anele.org\/pdf\/NP-080527-InformeGratuidadAsturias.pdf\" target=\"_blank\" rel=\"noopener noreferrer\">Padres, profesores y directivos docentes apoyan y destacan las ventajas del sistema de ayudas directas frente al pr\u00e9stamo<\/a><\/h3>\n<h5>Seg\u00fan las conclusiones del informe<em> \u201cEvaluaci\u00f3n del Sistema de Gratuidad de Libros de Texto Vigente en Asturias\u201d<\/em>, realizado por la Universidad de Santiago\u2026<\/h5>\n <\/div><div class=\"clear\"><\/div><\/div>[\/vc_column_inner][vc_column_inner column_padding=&#8221;no-extra-padding&#8221; column_padding_position=&#8221;all&#8221; background_color_opacity=&#8221;1&#8243; background_hover_color_opacity=&#8221;1&#8243; column_shadow=&#8221;none&#8221; column_border_radius=&#8221;none&#8221; column_link_target=&#8221;_self&#8221; width=&#8221;1\/6&#8243; tablet_width_inherit=&#8221;default&#8221; column_border_width=&#8221;none&#8221; column_border_style=&#8221;solid&#8221; bg_image_animation=&#8221;none&#8221;][nectar_cta btn_style=&#8221;see-through&#8221; heading_tag=&#8221;h6&#8243; link_type=&#8221;new_tab&#8221; alignment=&#8221;right&#8221; url=&#8221;https:\/\/www.anele.org\/pdf\/NP-080527-InformeGratuidadAsturias.pdf&#8221; link_text=&#8221;pdf&#8221;][\/vc_column_inner][\/vc_row_inner][divider line_type=&#8221;Full Width Line&#8221; line_thickness=&#8221;1&#8243; divider_color=&#8221;default&#8221; custom_height=&#8221;10&#8243;][\/vc_column][\/vc_row][vc_row type=&#8221;in_container&#8221; full_screen_row_position=&#8221;middle&#8221; scene_position=&#8221;center&#8221; text_color=&#8221;dark&#8221; text_align=&#8221;left&#8221; overlay_strength=&#8221;0.3&#8243; shape_divider_position=&#8221;bottom&#8221; bg_image_animation=&#8221;none&#8221;][vc_column column_padding=&#8221;padding-8-percent&#8221; column_padding_position=&#8221;left-right&#8221; background_color_opacity=&#8221;1&#8243; background_hover_color_opacity=&#8221;1&#8243; column_link_target=&#8221;_self&#8221; column_shadow=&#8221;none&#8221; column_border_radius=&#8221;none&#8221; width=&#8221;1\/1&#8243; tablet_width_inherit=&#8221;default&#8221; tablet_text_alignment=&#8221;default&#8221; phone_text_alignment=&#8221;default&#8221; column_border_width=&#8221;none&#8221; column_border_style=&#8221;solid&#8221; bg_image_animation=&#8221;none&#8221;][vc_row_inner equal_height=&#8221;yes&#8221; content_placement=&#8221;middle&#8221; column_margin=&#8221;default&#8221; text_align=&#8221;left&#8221;][vc_column_inner column_padding=&#8221;no-extra-padding&#8221; column_padding_position=&#8221;all&#8221; background_color_opacity=&#8221;1&#8243; background_hover_color_opacity=&#8221;1&#8243; column_shadow=&#8221;none&#8221; column_border_radius=&#8221;none&#8221; column_link_target=&#8221;_self&#8221; width=&#8221;5\/6&#8243; tablet_width_inherit=&#8221;default&#8221; column_border_width=&#8221;none&#8221; column_border_style=&#8221;solid&#8221; bg_image_animation=&#8221;none&#8221;]<div class=\"iwithtext\"><div class=\"iwt-icon\"> <i class=\"icon-default-style fa fa-file-text-o accent-color\"><\/i> <\/div><div class=\"iwt-text\"> \n<h3><a href=\"https:\/\/www.anele.org\/pdf\/NP-080514-InformeGratuidad.pdf\">Padres, profesores y directivos docentes cierran filas a favor de las ventajas del sistema de ayudas directas<\/a><\/h3>\n<h5>Seg\u00fan las conclusiones del informe \u201cEvaluaci\u00f3n del Sistema de Gratuidad de Libros de Texto Vigente en Cantabria\u201d, realizado por la Universidad de Santiago\u2026<\/h5>\n <\/div><div class=\"clear\"><\/div><\/div>[\/vc_column_inner][vc_column_inner column_padding=&#8221;no-extra-padding&#8221; column_padding_position=&#8221;all&#8221; background_color_opacity=&#8221;1&#8243; background_hover_color_opacity=&#8221;1&#8243; column_shadow=&#8221;none&#8221; column_border_radius=&#8221;none&#8221; column_link_target=&#8221;_self&#8221; width=&#8221;1\/6&#8243; tablet_width_inherit=&#8221;default&#8221; column_border_width=&#8221;none&#8221; column_border_style=&#8221;solid&#8221; bg_image_animation=&#8221;none&#8221;][nectar_cta btn_style=&#8221;see-through&#8221; heading_tag=&#8221;h6&#8243; link_type=&#8221;regular&#8221; alignment=&#8221;right&#8221; url=&#8221;https:\/\/www.anele.org\/pdf\/NP-080514-InformeGratuidad.pdf&#8221; link_text=&#8221;pdf&#8221;][\/vc_column_inner][\/vc_row_inner][divider line_type=&#8221;Full Width Line&#8221; line_thickness=&#8221;1&#8243; divider_color=&#8221;default&#8221; custom_height=&#8221;10&#8243;][\/vc_column][\/vc_row][vc_row type=&#8221;in_container&#8221; full_screen_row_position=&#8221;middle&#8221; scene_position=&#8221;center&#8221; text_color=&#8221;dark&#8221; text_align=&#8221;left&#8221; overlay_strength=&#8221;0.3&#8243; shape_divider_position=&#8221;bottom&#8221; bg_image_animation=&#8221;none&#8221;][vc_column column_padding=&#8221;padding-8-percent&#8221; column_padding_position=&#8221;left-right&#8221; background_color_opacity=&#8221;1&#8243; background_hover_color_opacity=&#8221;1&#8243; column_link_target=&#8221;_self&#8221; column_shadow=&#8221;none&#8221; column_border_radius=&#8221;none&#8221; width=&#8221;1\/1&#8243; tablet_width_inherit=&#8221;default&#8221; tablet_text_alignment=&#8221;default&#8221; phone_text_alignment=&#8221;default&#8221; column_border_width=&#8221;none&#8221; column_border_style=&#8221;solid&#8221; bg_image_animation=&#8221;none&#8221;][vc_row_inner equal_height=&#8221;yes&#8221; content_placement=&#8221;middle&#8221; column_margin=&#8221;default&#8221; text_align=&#8221;left&#8221;][vc_column_inner column_padding=&#8221;no-extra-padding&#8221; column_padding_position=&#8221;all&#8221; background_color_opacity=&#8221;1&#8243; background_hover_color_opacity=&#8221;1&#8243; column_shadow=&#8221;none&#8221; column_border_radius=&#8221;none&#8221; column_link_target=&#8221;_self&#8221; width=&#8221;5\/6&#8243; tablet_width_inherit=&#8221;default&#8221; column_border_width=&#8221;none&#8221; column_border_style=&#8221;solid&#8221; bg_image_animation=&#8221;none&#8221;]<div class=\"iwithtext\"><div class=\"iwt-icon\"> <i class=\"icon-default-style fa fa-file-text-o accent-color\"><\/i> <\/div><div class=\"iwt-text\"> \n<h3><a href=\"https:\/\/www.anele.org\/pdf\/NP-080507-DossierInformePrestamo.pdf\">\u201cC\u00f3mo se percibe el Sistema de Pr\u00e9stamo de Libros de Texto en el Contexto Escolar Gallego\u201d<\/a><\/h3>\n<h5>El Gobierno gallego fue uno de los primeros en aplicar un sistema de gratuidad para la adquisici\u00f3n de libros de texto en la ense\u00f1anza obligatoria.<\/h5>\n <\/div><div class=\"clear\"><\/div><\/div>[\/vc_column_inner][vc_column_inner column_padding=&#8221;no-extra-padding&#8221; column_padding_position=&#8221;all&#8221; background_color_opacity=&#8221;1&#8243; background_hover_color_opacity=&#8221;1&#8243; column_shadow=&#8221;none&#8221; column_border_radius=&#8221;none&#8221; column_link_target=&#8221;_self&#8221; width=&#8221;1\/6&#8243; tablet_width_inherit=&#8221;default&#8221; column_border_width=&#8221;none&#8221; column_border_style=&#8221;solid&#8221; bg_image_animation=&#8221;none&#8221;][nectar_cta btn_style=&#8221;see-through&#8221; heading_tag=&#8221;h6&#8243; link_type=&#8221;regular&#8221; alignment=&#8221;right&#8221; url=&#8221;https:\/\/www.anele.org\/pdf\/NP-080507-DossierInformePrestamo.pdf&#8221; link_text=&#8221;pdf&#8221;][\/vc_column_inner][\/vc_row_inner][divider line_type=&#8221;Full Width Line&#8221; line_thickness=&#8221;1&#8243; divider_color=&#8221;default&#8221; custom_height=&#8221;10&#8243;][\/vc_column][\/vc_row][vc_row type=&#8221;in_container&#8221; full_screen_row_position=&#8221;middle&#8221; scene_position=&#8221;center&#8221; text_color=&#8221;dark&#8221; text_align=&#8221;left&#8221; overlay_strength=&#8221;0.3&#8243; shape_divider_position=&#8221;bottom&#8221; bg_image_animation=&#8221;none&#8221;][vc_column column_padding=&#8221;padding-8-percent&#8221; column_padding_position=&#8221;left-right&#8221; background_color_opacity=&#8221;1&#8243; background_hover_color_opacity=&#8221;1&#8243; column_link_target=&#8221;_self&#8221; column_shadow=&#8221;none&#8221; column_border_radius=&#8221;none&#8221; width=&#8221;1\/1&#8243; tablet_width_inherit=&#8221;default&#8221; tablet_text_alignment=&#8221;default&#8221; phone_text_alignment=&#8221;default&#8221; column_border_width=&#8221;none&#8221; column_border_style=&#8221;solid&#8221; bg_image_animation=&#8221;none&#8221;][vc_row_inner equal_height=&#8221;yes&#8221; content_placement=&#8221;middle&#8221; column_margin=&#8221;default&#8221; text_align=&#8221;left&#8221;][vc_column_inner column_padding=&#8221;no-extra-padding&#8221; column_padding_position=&#8221;all&#8221; background_color_opacity=&#8221;1&#8243; background_hover_color_opacity=&#8221;1&#8243; column_shadow=&#8221;none&#8221; column_border_radius=&#8221;none&#8221; column_link_target=&#8221;_self&#8221; width=&#8221;5\/6&#8243; tablet_width_inherit=&#8221;default&#8221; column_border_width=&#8221;none&#8221; column_border_style=&#8221;solid&#8221; bg_image_animation=&#8221;none&#8221;]<div class=\"iwithtext\"><div class=\"iwt-icon\"> <i class=\"icon-default-style fa fa-file-text-o accent-color\"><\/i> <\/div><div class=\"iwt-text\"> \n<h3><a href=\"https:\/\/www.anele.org\/pdf\/NP-080507-PrestamoGalicia.pdf\" target=\"_blank\" rel=\"noopener noreferrer\">Padres, profesores y directivos docentes rechazan el sistema de pr\u00e9stamo y abogan por ayudas directas<\/a><\/h3>\n<h5>Seg\u00fan las conclusiones del informe \u201cC\u00f3mo se percibe el Sistema de Pr\u00e9stamo de Libros de Texto en el Contexto Escolar Gallego\u201d realizado por la Universidad de Santiago\u2026<\/h5>\n <\/div><div class=\"clear\"><\/div><\/div>[\/vc_column_inner][vc_column_inner column_padding=&#8221;no-extra-padding&#8221; column_padding_position=&#8221;all&#8221; background_color_opacity=&#8221;1&#8243; background_hover_color_opacity=&#8221;1&#8243; column_shadow=&#8221;none&#8221; column_border_radius=&#8221;none&#8221; column_link_target=&#8221;_self&#8221; width=&#8221;1\/6&#8243; tablet_width_inherit=&#8221;default&#8221; column_border_width=&#8221;none&#8221; column_border_style=&#8221;solid&#8221; bg_image_animation=&#8221;none&#8221;][nectar_cta btn_style=&#8221;see-through&#8221; heading_tag=&#8221;h6&#8243; link_type=&#8221;new_tab&#8221; alignment=&#8221;right&#8221; url=&#8221;https:\/\/www.anele.org\/pdf\/NP-080507-PrestamoGalicia.pdf&#8221; link_text=&#8221;pdf&#8221;][\/vc_column_inner][\/vc_row_inner][divider line_type=&#8221;Full Width Line&#8221; line_thickness=&#8221;1&#8243; divider_color=&#8221;default&#8221; custom_height=&#8221;10&#8243;][\/vc_column][\/vc_row][vc_row type=&#8221;in_container&#8221; full_screen_row_position=&#8221;middle&#8221; scene_position=&#8221;center&#8221; text_color=&#8221;dark&#8221; text_align=&#8221;left&#8221; overlay_strength=&#8221;0.3&#8243; shape_divider_position=&#8221;bottom&#8221; bg_image_animation=&#8221;none&#8221;][vc_column column_padding=&#8221;padding-8-percent&#8221; column_padding_position=&#8221;left-right&#8221; background_color_opacity=&#8221;1&#8243; background_hover_color_opacity=&#8221;1&#8243; column_link_target=&#8221;_self&#8221; column_shadow=&#8221;none&#8221; column_border_radius=&#8221;none&#8221; width=&#8221;1\/1&#8243; tablet_width_inherit=&#8221;default&#8221; tablet_text_alignment=&#8221;default&#8221; phone_text_alignment=&#8221;default&#8221; column_border_width=&#8221;none&#8221; column_border_style=&#8221;solid&#8221; bg_image_animation=&#8221;none&#8221;][vc_row_inner equal_height=&#8221;yes&#8221; content_placement=&#8221;middle&#8221; column_margin=&#8221;default&#8221; text_align=&#8221;left&#8221;][vc_column_inner column_padding=&#8221;no-extra-padding&#8221; column_padding_position=&#8221;all&#8221; background_color_opacity=&#8221;1&#8243; background_hover_color_opacity=&#8221;1&#8243; column_shadow=&#8221;none&#8221; column_border_radius=&#8221;none&#8221; column_link_target=&#8221;_self&#8221; width=&#8221;5\/6&#8243; tablet_width_inherit=&#8221;default&#8221; column_border_width=&#8221;none&#8221; column_border_style=&#8221;solid&#8221; bg_image_animation=&#8221;none&#8221;]<div class=\"iwithtext\"><div class=\"iwt-icon\"> <i class=\"icon-default-style fa fa-file-text-o accent-color\"><\/i> <\/div><div class=\"iwt-text\"> \n<h3><a href=\"https:\/\/www.anele.org\/pdf\/NP-080422-DossierPrensaExtremadura.pdf\" target=\"_blank\" rel=\"noopener noreferrer\">El sector del libro rechaza el sistema de pr\u00e9stamo en Extremadura<\/a><\/h3>\n<h5>El Consejo de Gobierno de la Junta de Extremadura firma un convenio con el Ministerio de Educaci\u00f3n para unificar en una sola convocatoria las becas para libros de texto en la ense\u00f1anza obligatoria.<\/h5>\n <\/div><div class=\"clear\"><\/div><\/div>[\/vc_column_inner][vc_column_inner column_padding=&#8221;no-extra-padding&#8221; column_padding_position=&#8221;all&#8221; background_color_opacity=&#8221;1&#8243; background_hover_color_opacity=&#8221;1&#8243; column_shadow=&#8221;none&#8221; column_border_radius=&#8221;none&#8221; column_link_target=&#8221;_self&#8221; width=&#8221;1\/6&#8243; tablet_width_inherit=&#8221;default&#8221; column_border_width=&#8221;none&#8221; column_border_style=&#8221;solid&#8221; bg_image_animation=&#8221;none&#8221;][nectar_cta btn_style=&#8221;see-through&#8221; heading_tag=&#8221;h6&#8243; link_type=&#8221;new_tab&#8221; alignment=&#8221;right&#8221; url=&#8221;https:\/\/www.anele.org\/pdf\/NP-080422-DossierPrensaExtremadura.pdf&#8221; link_text=&#8221;pdf&#8221;][\/vc_column_inner][\/vc_row_inner][divider line_type=&#8221;Full Width Line&#8221; line_thickness=&#8221;1&#8243; divider_color=&#8221;default&#8221; custom_height=&#8221;10&#8243;][\/vc_column][\/vc_row][vc_row type=&#8221;in_container&#8221; full_screen_row_position=&#8221;middle&#8221; scene_position=&#8221;center&#8221; text_color=&#8221;dark&#8221; text_align=&#8221;left&#8221; overlay_strength=&#8221;0.3&#8243; shape_divider_position=&#8221;bottom&#8221; bg_image_animation=&#8221;none&#8221;][vc_column column_padding=&#8221;padding-8-percent&#8221; column_padding_position=&#8221;left-right&#8221; background_color_opacity=&#8221;1&#8243; background_hover_color_opacity=&#8221;1&#8243; column_link_target=&#8221;_self&#8221; column_shadow=&#8221;none&#8221; column_border_radius=&#8221;none&#8221; width=&#8221;1\/1&#8243; tablet_width_inherit=&#8221;default&#8221; tablet_text_alignment=&#8221;default&#8221; phone_text_alignment=&#8221;default&#8221; column_border_width=&#8221;none&#8221; column_border_style=&#8221;solid&#8221; bg_image_animation=&#8221;none&#8221;][vc_row_inner equal_height=&#8221;yes&#8221; content_placement=&#8221;middle&#8221; column_margin=&#8221;default&#8221; text_align=&#8221;left&#8221;][vc_column_inner column_padding=&#8221;no-extra-padding&#8221; column_padding_position=&#8221;all&#8221; background_color_opacity=&#8221;1&#8243; background_hover_color_opacity=&#8221;1&#8243; column_shadow=&#8221;none&#8221; column_border_radius=&#8221;none&#8221; column_link_target=&#8221;_self&#8221; width=&#8221;5\/6&#8243; tablet_width_inherit=&#8221;default&#8221; column_border_width=&#8221;none&#8221; column_border_style=&#8221;solid&#8221; bg_image_animation=&#8221;none&#8221;]<div class=\"iwithtext\"><div class=\"iwt-icon\"> <i class=\"icon-default-style fa fa-file-text-o accent-color\"><\/i> <\/div><div class=\"iwt-text\"> \n<h3><a href=\"https:\/\/www.anele.org\/pdf\/NP-080422-Extremadura.pdf\" target=\"_blank\" rel=\"noopener noreferrer\">El sector del libro rechaza el sistema de pr\u00e9stamo y expresa su preocupaci\u00f3n por el futuro de la ense\u00f1anza en Extremadura<\/a><\/h3>\n<h5>Ante la probable adopci\u00f3n del modelo de reutilizaci\u00f3n de lo manuales de texto en la ense\u00f1anza obligatoria.<\/h5>\n <\/div><div class=\"clear\"><\/div><\/div>[\/vc_column_inner][vc_column_inner column_padding=&#8221;no-extra-padding&#8221; column_padding_position=&#8221;all&#8221; background_color_opacity=&#8221;1&#8243; background_hover_color_opacity=&#8221;1&#8243; column_shadow=&#8221;none&#8221; column_border_radius=&#8221;none&#8221; column_link_target=&#8221;_self&#8221; width=&#8221;1\/6&#8243; tablet_width_inherit=&#8221;default&#8221; column_border_width=&#8221;none&#8221; column_border_style=&#8221;solid&#8221; bg_image_animation=&#8221;none&#8221;][nectar_cta btn_style=&#8221;see-through&#8221; heading_tag=&#8221;h6&#8243; link_type=&#8221;new_tab&#8221; alignment=&#8221;right&#8221; url=&#8221;https:\/\/www.anele.org\/pdf\/NP-080422-Extremadura.pdf&#8221; link_text=&#8221;pdf&#8221;][\/vc_column_inner][\/vc_row_inner][divider line_type=&#8221;Full Width Line&#8221; line_thickness=&#8221;1&#8243; divider_color=&#8221;default&#8221; custom_height=&#8221;10&#8243;][\/vc_column][\/vc_row][vc_row type=&#8221;in_container&#8221; full_screen_row_position=&#8221;middle&#8221; scene_position=&#8221;center&#8221; text_color=&#8221;dark&#8221; text_align=&#8221;left&#8221; overlay_strength=&#8221;0.3&#8243; shape_divider_position=&#8221;bottom&#8221; bg_image_animation=&#8221;none&#8221;][vc_column column_padding=&#8221;padding-8-percent&#8221; column_padding_position=&#8221;left-right&#8221; background_color_opacity=&#8221;1&#8243; background_hover_color_opacity=&#8221;1&#8243; column_link_target=&#8221;_self&#8221; column_shadow=&#8221;none&#8221; column_border_radius=&#8221;none&#8221; width=&#8221;1\/1&#8243; tablet_width_inherit=&#8221;default&#8221; tablet_text_alignment=&#8221;default&#8221; phone_text_alignment=&#8221;default&#8221; column_border_width=&#8221;none&#8221; column_border_style=&#8221;solid&#8221; bg_image_animation=&#8221;none&#8221;][vc_row_inner equal_height=&#8221;yes&#8221; content_placement=&#8221;middle&#8221; column_margin=&#8221;default&#8221; text_align=&#8221;left&#8221;][vc_column_inner column_padding=&#8221;no-extra-padding&#8221; column_padding_position=&#8221;all&#8221; background_color_opacity=&#8221;1&#8243; background_hover_color_opacity=&#8221;1&#8243; column_shadow=&#8221;none&#8221; column_border_radius=&#8221;none&#8221; column_link_target=&#8221;_self&#8221; width=&#8221;5\/6&#8243; tablet_width_inherit=&#8221;default&#8221; column_border_width=&#8221;none&#8221; column_border_style=&#8221;solid&#8221; bg_image_animation=&#8221;none&#8221;]<div class=\"iwithtext\"><div class=\"iwt-icon\"> <i class=\"icon-default-style fa fa-file-text-o accent-color\"><\/i> <\/div><div class=\"iwt-text\"> \n<h3><a href=\"https:\/\/www.anele.org\/pdf\/NP-080403.pdf\" target=\"_blank\" rel=\"noopener noreferrer\">El sector del libro advierte de que el sistema de pr\u00e9stamo pone en riesgo la industria cultural en Navarra<\/a><\/h3>\n<h5>Ante la aprobaci\u00f3n de la Ley Foral de Financiaci\u00f3n del libro de texto para la ense\u00f1anza b\u00e1sica<\/h5>\n <\/div><div class=\"clear\"><\/div><\/div>[\/vc_column_inner][vc_column_inner column_padding=&#8221;no-extra-padding&#8221; column_padding_position=&#8221;all&#8221; background_color_opacity=&#8221;1&#8243; background_hover_color_opacity=&#8221;1&#8243; column_shadow=&#8221;none&#8221; column_border_radius=&#8221;none&#8221; column_link_target=&#8221;_self&#8221; width=&#8221;1\/6&#8243; tablet_width_inherit=&#8221;default&#8221; column_border_width=&#8221;none&#8221; column_border_style=&#8221;solid&#8221; bg_image_animation=&#8221;none&#8221;][nectar_cta btn_style=&#8221;see-through&#8221; heading_tag=&#8221;h6&#8243; link_type=&#8221;new_tab&#8221; alignment=&#8221;right&#8221; url=&#8221;https:\/\/www.anele.org\/pdf\/NP-080403.pdf&#8221; link_text=&#8221;pdf&#8221;][\/vc_column_inner][\/vc_row_inner][divider line_type=&#8221;Full Width Line&#8221; line_thickness=&#8221;1&#8243; divider_color=&#8221;default&#8221; custom_height=&#8221;10&#8243;][\/vc_column][\/vc_row][vc_row type=&#8221;in_container&#8221; full_screen_row_position=&#8221;middle&#8221; scene_position=&#8221;center&#8221; text_color=&#8221;dark&#8221; text_align=&#8221;left&#8221; overlay_strength=&#8221;0.3&#8243; shape_divider_position=&#8221;bottom&#8221; bg_image_animation=&#8221;none&#8221;][vc_column column_padding=&#8221;padding-8-percent&#8221; column_padding_position=&#8221;left-right&#8221; background_color_opacity=&#8221;1&#8243; background_hover_color_opacity=&#8221;1&#8243; column_link_target=&#8221;_self&#8221; column_shadow=&#8221;none&#8221; column_border_radius=&#8221;none&#8221; width=&#8221;1\/1&#8243; tablet_width_inherit=&#8221;default&#8221; tablet_text_alignment=&#8221;default&#8221; phone_text_alignment=&#8221;default&#8221; column_border_width=&#8221;none&#8221; column_border_style=&#8221;solid&#8221; bg_image_animation=&#8221;none&#8221;][vc_row_inner equal_height=&#8221;yes&#8221; content_placement=&#8221;middle&#8221; column_margin=&#8221;default&#8221; text_align=&#8221;left&#8221;][vc_column_inner column_padding=&#8221;no-extra-padding&#8221; column_padding_position=&#8221;all&#8221; background_color_opacity=&#8221;1&#8243; background_hover_color_opacity=&#8221;1&#8243; column_shadow=&#8221;none&#8221; column_border_radius=&#8221;none&#8221; column_link_target=&#8221;_self&#8221; width=&#8221;5\/6&#8243; tablet_width_inherit=&#8221;default&#8221; column_border_width=&#8221;none&#8221; column_border_style=&#8221;solid&#8221; bg_image_animation=&#8221;none&#8221;]<div class=\"iwithtext\"><div class=\"iwt-icon\"> <i class=\"icon-default-style fa fa-file-text-o accent-color\"><\/i> <\/div><div class=\"iwt-text\"> \n<h3><a href=\"https:\/\/www.anele.org\/pdf\/NP-080403-DOSSIER.pdf\" target=\"_blank\" rel=\"noopener noreferrer\">&#8220;la nueva Ley Foral de Financiaci\u00f3n del libro de texto&#8221; (Navarra)<\/a><\/h3>\n <\/div><div class=\"clear\"><\/div><\/div>[\/vc_column_inner][vc_column_inner column_padding=&#8221;no-extra-padding&#8221; column_padding_position=&#8221;all&#8221; background_color_opacity=&#8221;1&#8243; background_hover_color_opacity=&#8221;1&#8243; column_shadow=&#8221;none&#8221; column_border_radius=&#8221;none&#8221; column_link_target=&#8221;_self&#8221; width=&#8221;1\/6&#8243; tablet_width_inherit=&#8221;default&#8221; column_border_width=&#8221;none&#8221; column_border_style=&#8221;solid&#8221; bg_image_animation=&#8221;none&#8221;][nectar_cta btn_style=&#8221;see-through&#8221; heading_tag=&#8221;h6&#8243; link_type=&#8221;new_tab&#8221; alignment=&#8221;right&#8221; url=&#8221;https:\/\/www.anele.org\/pdf\/NP-080403-DOSSIER.pdf&#8221; link_text=&#8221;pdf&#8221;][\/vc_column_inner][\/vc_row_inner][divider line_type=&#8221;Full Width Line&#8221; line_thickness=&#8221;1&#8243; divider_color=&#8221;default&#8221; custom_height=&#8221;10&#8243;][\/vc_column][\/vc_row][vc_row type=&#8221;in_container&#8221; full_screen_row_position=&#8221;middle&#8221; scene_position=&#8221;center&#8221; text_color=&#8221;dark&#8221; text_align=&#8221;left&#8221; overlay_strength=&#8221;0.3&#8243; shape_divider_position=&#8221;bottom&#8221; bg_image_animation=&#8221;none&#8221;][vc_column column_padding=&#8221;padding-8-percent&#8221; column_padding_position=&#8221;left-right&#8221; background_color_opacity=&#8221;1&#8243; background_hover_color_opacity=&#8221;1&#8243; column_link_target=&#8221;_self&#8221; column_shadow=&#8221;none&#8221; column_border_radius=&#8221;none&#8221; width=&#8221;1\/1&#8243; tablet_width_inherit=&#8221;default&#8221; tablet_text_alignment=&#8221;default&#8221; phone_text_alignment=&#8221;default&#8221; column_border_width=&#8221;none&#8221; column_border_style=&#8221;solid&#8221; bg_image_animation=&#8221;none&#8221;][vc_row_inner equal_height=&#8221;yes&#8221; content_placement=&#8221;middle&#8221; column_margin=&#8221;default&#8221; text_align=&#8221;left&#8221;][vc_column_inner column_padding=&#8221;no-extra-padding&#8221; column_padding_position=&#8221;all&#8221; background_color_opacity=&#8221;1&#8243; background_hover_color_opacity=&#8221;1&#8243; column_shadow=&#8221;none&#8221; column_border_radius=&#8221;none&#8221; column_link_target=&#8221;_self&#8221; width=&#8221;5\/6&#8243; tablet_width_inherit=&#8221;default&#8221; column_border_width=&#8221;none&#8221; column_border_style=&#8221;solid&#8221; bg_image_animation=&#8221;none&#8221;]<div class=\"iwithtext\"><div class=\"iwt-icon\"> <i class=\"icon-default-style fa fa-file-text-o accent-color\"><\/i> <\/div><div class=\"iwt-text\"> \n<h3><a href=\"https:\/\/www.anele.org\/pdf\/INF-070827-EvolucionPrecios.pdf\" target=\"_blank\" rel=\"noopener noreferrer\">Evoluci\u00f3n de los precios de los libros de texto. Curso escolar 2007-2008<\/a><\/h3>\n<h5>ANELE ha obtenido los siguientes datos sobre la evoluci\u00f3n de los precios de los libros de texto, para el curso escolar 2007-2008<\/h5>\n <\/div><div class=\"clear\"><\/div><\/div>[\/vc_column_inner][vc_column_inner column_padding=&#8221;no-extra-padding&#8221; column_padding_position=&#8221;all&#8221; background_color_opacity=&#8221;1&#8243; background_hover_color_opacity=&#8221;1&#8243; column_shadow=&#8221;none&#8221; column_border_radius=&#8221;none&#8221; column_link_target=&#8221;_self&#8221; width=&#8221;1\/6&#8243; tablet_width_inherit=&#8221;default&#8221; column_border_width=&#8221;none&#8221; column_border_style=&#8221;solid&#8221; bg_image_animation=&#8221;none&#8221;][nectar_cta btn_style=&#8221;see-through&#8221; heading_tag=&#8221;h6&#8243; link_type=&#8221;new_tab&#8221; alignment=&#8221;right&#8221; url=&#8221;https:\/\/www.anele.org\/pdf\/INF-070827-EvolucionPrecios.pdf&#8221; link_text=&#8221;pdf&#8221;][\/vc_column_inner][\/vc_row_inner][divider line_type=&#8221;Full Width Line&#8221; line_thickness=&#8221;1&#8243; divider_color=&#8221;default&#8221; custom_height=&#8221;10&#8243;][\/vc_column][\/vc_row][vc_row type=&#8221;in_container&#8221; full_screen_row_position=&#8221;middle&#8221; scene_position=&#8221;center&#8221; text_color=&#8221;dark&#8221; text_align=&#8221;left&#8221; overlay_strength=&#8221;0.3&#8243; shape_divider_position=&#8221;bottom&#8221; bg_image_animation=&#8221;none&#8221;][vc_column column_padding=&#8221;padding-8-percent&#8221; column_padding_position=&#8221;left-right&#8221; background_color_opacity=&#8221;1&#8243; background_hover_color_opacity=&#8221;1&#8243; column_link_target=&#8221;_self&#8221; column_shadow=&#8221;none&#8221; column_border_radius=&#8221;none&#8221; width=&#8221;1\/1&#8243; tablet_width_inherit=&#8221;default&#8221; tablet_text_alignment=&#8221;default&#8221; phone_text_alignment=&#8221;default&#8221; column_border_width=&#8221;none&#8221; column_border_style=&#8221;solid&#8221; bg_image_animation=&#8221;none&#8221;][vc_row_inner equal_height=&#8221;yes&#8221; content_placement=&#8221;middle&#8221; column_margin=&#8221;default&#8221; text_align=&#8221;left&#8221;][vc_column_inner column_padding=&#8221;no-extra-padding&#8221; column_padding_position=&#8221;all&#8221; background_color_opacity=&#8221;1&#8243; background_hover_color_opacity=&#8221;1&#8243; column_shadow=&#8221;none&#8221; column_border_radius=&#8221;none&#8221; column_link_target=&#8221;_self&#8221; width=&#8221;5\/6&#8243; tablet_width_inherit=&#8221;default&#8221; column_border_width=&#8221;none&#8221; column_border_style=&#8221;solid&#8221; bg_image_animation=&#8221;none&#8221;]<div class=\"iwithtext\"><div class=\"iwt-icon\"> <i class=\"icon-default-style fa fa-file-text-o accent-color\"><\/i> <\/div><div class=\"iwt-text\"> \n<h3><a href=\"https:\/\/www.anele.org\/pdf\/NP-070829.pdf\" target=\"_blank\" rel=\"noopener noreferrer\">El precio de los libros de texto se mantienen linea con el IPC<\/a><\/h3>\n<h5>Los Editores enfrentan los cambios legislativos con un esfuerzo por contener los costes<\/h5>\n <\/div><div class=\"clear\"><\/div><\/div>[\/vc_column_inner][vc_column_inner column_padding=&#8221;no-extra-padding&#8221; column_padding_position=&#8221;all&#8221; background_color_opacity=&#8221;1&#8243; background_hover_color_opacity=&#8221;1&#8243; column_shadow=&#8221;none&#8221; column_border_radius=&#8221;none&#8221; column_link_target=&#8221;_self&#8221; width=&#8221;1\/6&#8243; tablet_width_inherit=&#8221;default&#8221; column_border_width=&#8221;none&#8221; column_border_style=&#8221;solid&#8221; bg_image_animation=&#8221;none&#8221;][nectar_cta btn_style=&#8221;see-through&#8221; heading_tag=&#8221;h6&#8243; link_type=&#8221;new_tab&#8221; alignment=&#8221;right&#8221; url=&#8221;https:\/\/www.anele.org\/pdf\/NP-070829.pdf&#8221; link_text=&#8221;pdf&#8221;][\/vc_column_inner][\/vc_row_inner][divider line_type=&#8221;Full Width Line&#8221; line_thickness=&#8221;1&#8243; divider_color=&#8221;default&#8221; custom_height=&#8221;10&#8243;][\/vc_column][\/vc_row][vc_row type=&#8221;in_container&#8221; full_screen_row_position=&#8221;middle&#8221; scene_position=&#8221;center&#8221; text_color=&#8221;dark&#8221; text_align=&#8221;left&#8221; overlay_strength=&#8221;0.3&#8243; shape_divider_position=&#8221;bottom&#8221; bg_image_animation=&#8221;none&#8221;][vc_column column_padding=&#8221;padding-8-percent&#8221; column_padding_position=&#8221;left-right&#8221; background_color_opacity=&#8221;1&#8243; background_hover_color_opacity=&#8221;1&#8243; column_link_target=&#8221;_self&#8221; column_shadow=&#8221;none&#8221; column_border_radius=&#8221;none&#8221; width=&#8221;1\/1&#8243; tablet_width_inherit=&#8221;default&#8221; tablet_text_alignment=&#8221;default&#8221; phone_text_alignment=&#8221;default&#8221; column_border_width=&#8221;none&#8221; column_border_style=&#8221;solid&#8221; bg_image_animation=&#8221;none&#8221;][vc_row_inner equal_height=&#8221;yes&#8221; content_placement=&#8221;middle&#8221; column_margin=&#8221;default&#8221; text_align=&#8221;left&#8221;][vc_column_inner column_padding=&#8221;no-extra-padding&#8221; column_padding_position=&#8221;all&#8221; background_color_opacity=&#8221;1&#8243; background_hover_color_opacity=&#8221;1&#8243; column_shadow=&#8221;none&#8221; column_border_radius=&#8221;none&#8221; column_link_target=&#8221;_self&#8221; width=&#8221;5\/6&#8243; tablet_width_inherit=&#8221;default&#8221; column_border_width=&#8221;none&#8221; column_border_style=&#8221;solid&#8221; bg_image_animation=&#8221;none&#8221;]<div class=\"iwithtext\"><div class=\"iwt-icon\"> <i class=\"icon-default-style fa fa-file-text-o accent-color\"><\/i> <\/div><div class=\"iwt-text\"> \n<h3><a href=\"https:\/\/www.anele.org\/pdf\/NP-080220.pdf\" target=\"_blank\" rel=\"noopener noreferrer\">ANELE apoya el mantenimiento del canon por copia privada<\/a><\/h3>\n<h5>Creemos sinceramente que la compensaci\u00f3n equitativa por copia privada es un mecanismo de equilibrio entre los intereses de los titulares de derechos de propiedad intelectual y los intereses p\u00fablicos o generales<\/h5>\n <\/div><div class=\"clear\"><\/div><\/div>[\/vc_column_inner][vc_column_inner column_padding=&#8221;no-extra-padding&#8221; column_padding_position=&#8221;all&#8221; background_color_opacity=&#8221;1&#8243; background_hover_color_opacity=&#8221;1&#8243; column_shadow=&#8221;none&#8221; column_border_radius=&#8221;none&#8221; column_link_target=&#8221;_self&#8221; width=&#8221;1\/6&#8243; tablet_width_inherit=&#8221;default&#8221; column_border_width=&#8221;none&#8221; column_border_style=&#8221;solid&#8221; bg_image_animation=&#8221;none&#8221;][nectar_cta btn_style=&#8221;see-through&#8221; heading_tag=&#8221;h6&#8243; link_type=&#8221;new_tab&#8221; alignment=&#8221;right&#8221; url=&#8221;https:\/\/www.anele.org\/pdf\/NP-080220.pdf&#8221; link_text=&#8221;pdf&#8221;][\/vc_column_inner][\/vc_row_inner][\/vc_column][\/vc_row]\n","protected":false},"excerpt":{"rendered":"<p>[vc_row type=&#8221;in_container&#8221; full_screen_row_position=&#8221;middle&#8221; scene_position=&#8221;center&#8221; text_color=&#8221;dark&#8221; text_align=&#8221;left&#8221; overlay_strength=&#8221;0.3&#8243; shape_divider_position=&#8221;bottom&#8221; bg_image_animation=&#8221;none&#8221;][vc_column column_padding=&#8221;no-extra-padding&#8221; column_padding_position=&#8221;all&#8221; background_color_opacity=&#8221;1&#8243; background_hover_color_opacity=&#8221;1&#8243; column_link_target=&#8221;_self&#8221; column_shadow=&#8221;none&#8221; column_border_radius=&#8221;none&#8221; width=&#8221;1\/1&#8243; tablet_width_inherit=&#8221;default&#8221; tablet_text_alignment=&#8221;default&#8221; phone_text_alignment=&#8221;default&#8221; column_border_width=&#8221;none&#8221; column_border_style=&#8221;solid&#8221; bg_image_animation=&#8221;none&#8221;][divider line_type=&#8221;No Line&#8221; custom_height=&#8221;40&#8243;][\/vc_column][\/vc_row][vc_row type=&#8221;in_container&#8221; full_screen_row_position=&#8221;middle&#8221; scene_position=&#8221;center&#8221; text_color=&#8221;dark&#8221;&#8230;<\/p>\n","protected":false},"author":1,"featured_media":0,"parent":58,"menu_order":0,"comment_status":"open","ping_status":"open","template":"","meta":{"footnotes":""},"class_list":["post-95","page","type-page","status-publish"],"aioseo_notices":[],"_links":{"self":[{"href":"https:\/\/anele.org\/ga\/wp-json\/wp\/v2\/pages\/95","targetHints":{"allow":["GET"]}}],"collection":[{"href":"https:\/\/anele.org\/ga\/wp-json\/wp\/v2\/pages"}],"about":[{"href":"https:\/\/anele.org\/ga\/wp-json\/wp\/v2\/types\/page"}],"author":[{"embeddable":true,"href":"https:\/\/anele.org\/ga\/wp-json\/wp\/v2\/users\/1"}],"replies":[{"embeddable":true,"href":"https:\/\/anele.org\/ga\/wp-json\/wp\/v2\/comments?post=95"}],"version-history":[{"count":64,"href":"https:\/\/anele.org\/ga\/wp-json\/wp\/v2\/pages\/95\/revisions"}],"predecessor-version":[{"id":1624,"href":"https:\/\/anele.org\/ga\/wp-json\/wp\/v2\/pages\/95\/revisions\/1624"}],"up":[{"embeddable":true,"href":"https:\/\/anele.org\/ga\/wp-json\/wp\/v2\/pages\/58"}],"wp:attachment":[{"href":"https:\/\/anele.org\/ga\/wp-json\/wp\/v2\/media?parent=95"}],"curies":[{"name":"wp","href":"https:\/\/api.w.org\/{rel}","templated":true}]}}